{"id":8419,"date":"2025-09-09T09:00:04","date_gmt":"2025-09-09T09:00:04","guid":{"rendered":"https:\/\/evapart.org\/?post_type=property&#038;p=8419"},"modified":"2025-09-15T11:52:49","modified_gmt":"2025-09-15T11:52:49","slug":"apartment-2-beds","status":"publish","type":"property","link":"https:\/\/evapart.org\/es\/property\/apartment-2-beds\/","title":{"rendered":"Apartamento 2 camas"},"content":{"rendered":"<div data-elementor-type=\"wp-post\" data-elementor-id=\"8419\" class=\"elementor elementor-8419\" data-elementor-post-type=\"property\">\n\t\t\t\t<div class=\"elementor-element elementor-element-6fb8e76 e-flex e-con-boxed e-con e-parent\" data-id=\"6fb8e76\" data-element_type=\"container\">\n\t\t\t\t\t<div class=\"e-con-inner\">\n\t\t\t\t<div class=\"elementor-element elementor-element-414656e9 elementor-widget__width-initial elementor-widget-tablet__width-inherit elementor-widget elementor-widget-text-editor\" data-id=\"414656e9\" data-element_type=\"widget\" data-widget_type=\"text-editor.default\">\n\t\t\t\t<div class=\"elementor-widget-container\">\n\t\t\t\t\t\t\t\t\t\n<div class=\"_tp3sbt\">\n<section>Este es un apartamento grande de 2 camas recientemente renovado con 2 ba\u00f1os separados. La ubicaci\u00f3n est\u00e1 a 4 minutos a pie de Plaza Lesseps, donde puedes encontrar una estaci\u00f3n de metro. Elementos originales como azulejos de mosaico y gafas de ventana grabadas han sido restaurados con buen gusto.<\/section>\n<\/div>\n<p>\u00a0<\/p>\n<section><\/section>\n<section><strong><span style=\"color: #d3445a;\">El espacio<\/span><\/strong><\/section>\n<div class=\"_tp3sbt\">\n<section><span class=\"l1h825yc atm_kd_19r6f69_24z95b dir dir-ltr\">Al entrar en la propiedad, el pasillo pasa por una gran ventana frente al luminoso patio con vidrio hecho a mano grabado con \u00e1cido al estilo modernista, tendr\u00e1s un lado un dormitorio con un gran armario y otro lado tienes una peque\u00f1a zona con espacio para que un escritorio funcione.<br \/><br \/>Avanzando entramos en un espacio con un hermoso techo pintado donde por un lado tenemos una cocina abierta Leicht equipada con lavavajillas, nevera y microondas y por el otro una gran mesa de comedor de madera con 6 sillas.<\/span><\/section>\n<\/div>\n\t\t\t\t\t\t\t\t<\/div>\n\t\t\t\t<\/div>\n\t\t\t\t<div class=\"elementor-element elementor-element-2649f73 elementor-widget__width-initial elementor-widget-tablet__width-inherit elementor-widget elementor-widget-text-editor\" data-id=\"2649f73\" data-element_type=\"widget\" data-widget_type=\"text-editor.default\">\n\t\t\t\t<div class=\"elementor-widget-container\">\n\t\t\t\t\t\t\t\t\t\n<div class=\"_tp3sbt\">\n<section>\n<div class=\"_tp3sbt\">\n<section><span class=\"l1h825yc atm_kd_19r6f69_24z95b dir dir-ltr\">Desde all\u00ed llegamos a la sala de estar con acceso directo a una larga galer\u00eda y un gran balc\u00f3n con orientaci\u00f3n suroeste y mucha luz natural. Esta galer\u00eda tambi\u00e9n est\u00e1 vinculada al segundo dormitorio, el dormitorio principal en suite con su propio ba\u00f1o. En esta propiedad se han restaurado todos los suelos de mosaico originales y se ha utilizado micro cemento.<\/span><\/section>\n<\/div>\n<div class=\"_tp3sbt\">\n<section>\n<div class=\"_gt7myn\">\u00a0<\/div>\n<\/section>\n<\/div>\n<\/section>\n<br \/>\n<section><\/section>\n<section><strong><span style=\"color: #d3445a;\">Servicios y zonas comues<\/span><\/strong><\/section>\n<\/div>\n<div class=\"_tp3sbt\">\n<section>Este apartamento est\u00e1 situado en el segundo piso con una gran sala de estar y dos dormitorios, una cocina abierta totalmente equipada con un comedor y un ba\u00f1o moderno y elegante. Encontrar\u00e1s todo lo necesario para una estancia c\u00f3moda. Tienes una habitaci\u00f3n grande con una cama doble (160x200) y otra habitaci\u00f3n con una cama doble (160x200 ), ropa de cama limpia y fresca para todos los hu\u00e9spedes, agua caliente las 24 horas, calentador, secador de pelo, wifi, microondas, estufa, hervidor de agua, lavadora, lavavajillas, plancha y tabla.<\/section>\n<section><\/section>\n<\/div>\n<p>\u00a0<\/p>\n<section><strong><span style=\"color: #d3445a;\">Otros aspectos destacables<\/span><\/strong><\/section>\n<div class=\"_tp3sbt\">\n<section>\n<div class=\"d143xaow atm_ks_zryt35 atm_1wn1q82_btfdgi atm_mk_h2mmj6 atm_26_1qwqy05 atm_vy_auwlz6 atm_j3_auwlz6 atm_iy_1osqo2v atm_9s_1txwivl atm_ar_1bp4okc atm_70_rgs8xj atm_6a_18em6z3 atm_6c_18em6z3 atm_16_kb7nvz atm_12_1hrf63d atm_1c_1mqsbs0 atm_1k_10p890i atm_y_1tad3g6 atm_tw_uaqxkr atm_im2n7a_1osqo2v atm_189k8xb_1osqo2v atm_ks_15vqwwr__1yj3dog atm_kd_glywfm_pfnrn2 atm_5j_18em6z3__oggzyc atm_16_kb7nvz__oggzyc atm_12_1hrf63d__oggzyc atm_1c_vo11yy__oggzyc atm_y_vegxqt__oggzyc atm_1k_so3mv5__oggzyc atm_tw_uaqxkr__oggzyc atm_im2n7a_n7od8j__oggzyc atm_189k8xb_n7od8j__oggzyc atm_1c_4ysrdk__1rrf6b5 atm_y_t0utr__1rrf6b5 atm_1k_1ar7sfh__1rrf6b5 atm_j3_ktbqgd__oggzyc atm_vy_16ji443__oggzyc drp3lcp atm_e2_1osqo2v_vagkz0_2ygr2h atm_vy_1osqo2v_vagkz0_2ygr2h atm_j3_1osqo2v_vagkz0_2ygr2h atm_5j_idpfg4_vagkz0_2ygr2h atm_gz_1fgafaw_vagkz0_2ygr2h atm_h0_i3vgjb_vagkz0_2ygr2h atm_lk_3ladnm_vagkz0_2ygr2h atm_ll_fk2qd9_vagkz0_2ygr2h dc9qi36 dir dir-ltr\" tabindex=\"-1\" role=\"dialog\" aria-label=\"Acerca de este espacio\" aria-modal=\"true\">\n<div class=\"_1jza0fl\">\n<section>\n<div class=\"_8qtz0ky\" tabindex=\"0\">\n<div class=\"d99wcva atm_1htbn05_mrkt56 atm_m4qiaa_dezgoh atm_nmhd1s_10d11i2 atm_n738wd_11rlvjh atm_ff14j6_1xap3gc atm_1strswt_1c4m0nl atm_vvc489_1mygper atm_bmoam2_mrkt56 dir dir-ltr\">\n<div class=\"_3hmsj\">\n<div class=\"_13nmyp\">\n<div class=\"c1yo0219 atm_9s_1txwivl_vmtskl atm_92_1yyfdc7_vmtskl atm_9s_1txwivl_9in345 atm_92_1yyfdc7_9in345 dir dir-ltr\" data-pageslot=\"true\">\n<div>\n<div data-plugin-in-point-id=\"DESCRIPTION_MODAL\" data-section-id=\"DESCRIPTION_MODAL\">\n<div class=\"_tp3sbt\">\n<section><span class=\"l1h825yc atm_kd_19r6f69_24z95b dir dir-ltr\">El alquiler incluye 5 horas de limpieza quincenal y 150 \u20ac de asignaci\u00f3n de servicios p\u00fablicos al mes.<\/span><\/section>\n<\/div>\n<\/div>\n<\/div>\n<\/div>\n<\/div>\n<\/div>\n<\/div>\n<\/div>\n<\/section>\n<\/div>\n<\/div>\n<\/section>\n<\/div>\n\t\t\t\t\t\t\t\t<\/div>\n\t\t\t\t<\/div>\n\t\t\t\t\t<\/div>\n\t\t\t\t<\/div>\n\t\t\t\t<section class=\"elementor-section elementor-top-section elementor-element elementor-element-edd789f elementor-section-stretched elementor-section-boxed elementor-section-height-default elementor-section-height-default\" data-id=\"edd789f\" data-element_type=\"section\" data-settings=\"{&quot;stretch_section&quot;:&quot;section-stretched&quot;,&quot;background_background&quot;:&quot;classic&quot;}\">\n\t\t\t\t\t\t<div class=\"elementor-container elementor-column-gap-no\">\n\t\t\t\t\t<div class=\"elementor-column elementor-col-100 elementor-top-column elementor-element elementor-element-cc4cbef\" data-id=\"cc4cbef\" data-element_type=\"column\">\n\t\t\t<div class=\"elementor-widget-wrap elementor-element-populated\">\n\t\t\t\t\t\t<div class=\"elementor-element elementor-element-b158312 elementor-widget__width-auto elementor-absolute elementor-widget elementor-widget-heading\" data-id=\"b158312\" data-element_type=\"widget\" data-settings=\"{&quot;_position&quot;:&quot;absolute&quot;}\" data-widget_type=\"heading.default\">\n\t\t\t\t<div class=\"elementor-widget-container\">\n\t\t\t\t\t<div class=\"elementor-heading-title elementor-size-default\">\u2018<\/div>\t\t\t\t<\/div>\n\t\t\t\t<\/div>\n\t\t\t\t<section class=\"elementor-section elementor-inner-section elementor-element elementor-element-4a3bc66 elementor-section-boxed elementor-section-height-default elementor-section-height-default\" data-id=\"4a3bc66\" data-element_type=\"section\">\n\t\t\t\t\t\t<div class=\"elementor-container elementor-column-gap-default\">\n\t\t\t\t\t<div class=\"elementor-column elementor-col-100 elementor-inner-column elementor-element elementor-element-9f0f68c\" data-id=\"9f0f68c\" data-element_type=\"column\">\n\t\t\t<div class=\"elementor-widget-wrap elementor-element-populated\">\n\t\t\t\t\t\t<div class=\"elementor-element elementor-element-af31faf elementor-widget elementor-widget-heading\" data-id=\"af31faf\" data-element_type=\"widget\" data-widget_type=\"heading.default\">\n\t\t\t\t<div class=\"elementor-widget-container\">\n\t\t\t\t\t<h2 class=\"elementor-heading-title elementor-size-default\">Felicitaciones de los anfitriones<\/h2>\t\t\t\t<\/div>\n\t\t\t\t<\/div>\n\t\t\t\t<div class=\"elementor-element elementor-element-f5b82b8 elementor-widget elementor-widget-text-editor\" data-id=\"f5b82b8\" data-element_type=\"widget\" data-widget_type=\"text-editor.default\">\n\t\t\t\t<div class=\"elementor-widget-container\">\n\t\t\t\t\t\t\t\t\t<p>Sobre su experiencia con nosotros<\/p>\t\t\t\t\t\t\t\t<\/div>\n\t\t\t\t<\/div>\n\t\t\t\t\t<\/div>\n\t\t<\/div>\n\t\t\t\t\t<\/div>\n\t\t<\/section>\n\t\t\t\t<div class=\"elementor-element elementor-element-83fb75e elementor-widget__width-auto elementor-absolute elementor-widget elementor-widget-heading\" data-id=\"83fb75e\" data-element_type=\"widget\" data-settings=\"{&quot;_position&quot;:&quot;absolute&quot;}\" data-widget_type=\"heading.default\">\n\t\t\t\t<div class=\"elementor-widget-container\">\n\t\t\t\t\t<div class=\"elementor-heading-title elementor-size-default\">,<\/div>\t\t\t\t<\/div>\n\t\t\t\t<\/div>\n\t\t\t\t<div class=\"elementor-element elementor-element-d5b9f1a elementor-widget__width-initial elementor-absolute elementor-widget elementor-widget-spacer\" data-id=\"d5b9f1a\" data-element_type=\"widget\" data-settings=\"{&quot;_position&quot;:&quot;absolute&quot;}\" data-widget_type=\"spacer.default\">\n\t\t\t\t<div class=\"elementor-widget-container\">\n\t\t\t\t\t\t\t<div class=\"elementor-spacer\">\n\t\t\t<div class=\"elementor-spacer-inner\"><\/div>\n\t\t<\/div>\n\t\t\t\t\t\t<\/div>\n\t\t\t\t<\/div>\n\t\t\t\t<div class=\"elementor-element elementor-element-4334e52 elementor-widget elementor-widget-inspiry-testimonial-ultra-widget\" data-id=\"4334e52\" data-element_type=\"widget\" data-settings=\"{&quot;autoplay&quot;:&quot;yes&quot;,&quot;pause_on_hover&quot;:&quot;yes&quot;,&quot;pause_on_interaction&quot;:&quot;yes&quot;,&quot;infinite&quot;:&quot;yes&quot;,&quot;autoplay_speed&quot;:3000,&quot;speed&quot;:500}\" data-widget_type=\"inspiry-testimonial-ultra-widget.default\">\n\t\t\t\t<div class=\"elementor-widget-container\">\n\t\t\t\t\t<div class=\"rhea-ultra-testimonials-wrapper\" id=\"rhea_ultra-4334e52\">\n    <div class=\"rhea-ultra-testimonials owl-carousel\" id=\"rhea-carousel-4334e52\">\n\t\t            <div class=\"rhea-ultra-testimonial-box-wrapper\">\n                <div class=\"rhea-ultra-testimonial-box\">\n                    <div class=\"rhea-ultra-testimonials-thumb rhea-ultra-bg-dots\">\n                        <div class=\"rhea-ultra-thumb\">\n                            <img decoding=\"async\" src=\"https:\/\/evapart.org\/wp-content\/uploads\/2025\/09\/Matt-comentaris-eva-1.webp\" alt=\"Matt\">\n                        <\/div>\n                    <\/div>\n                    <div class=\"rhea-ultra-testimonials-details\">\n\t\t\t\t\t\t                            <p class=\"rhea-ultra-testimonial-strong\">\n\t\t\t\t\t\t\t\tPrecioso!                            <\/p>\n\t\t\t\t\t\t\t                            <p class=\"rhea-ultra-testimonial-light\">\n\t\t\t\t\t\t\t\tExcelente ubicaci\u00f3n, anfitri\u00f3n muy receptivo, bonito apartamento. Gran de Gracia es una calle bastante concurrida para los est\u00e1ndares de Gracia, pero el apartamento se abre a la mitad trasera del edificio, por lo que no es ning\u00fan problema.                            <\/p>\n\t\t\t\t\t\t\t                        <div class=\"rhea-ultra-testimonal-author\">\n\t\t\t\t\t\t\t                                <span class=\"rhea-author\">Matt<\/span>\n\t\t\t\t\t\t\t\t                        <\/div>\n                    <\/div>\n                <\/div>\n            <\/div>\n\t\t\t            <div class=\"rhea-ultra-testimonial-box-wrapper\">\n                <div class=\"rhea-ultra-testimonial-box\">\n                    <div class=\"rhea-ultra-testimonials-thumb rhea-ultra-bg-dots\">\n                        <div class=\"rhea-ultra-thumb\">\n                            <img decoding=\"async\" src=\"https:\/\/evapart.org\/wp-content\/uploads\/2025\/09\/Ines-comentaris-eva-1.webp\" alt=\"Ines\">\n                        <\/div>\n                    <\/div>\n                    <div class=\"rhea-ultra-testimonials-details\">\n\t\t\t\t\t\t                            <p class=\"rhea-ultra-testimonial-strong\">\n\t\t\t\t\t\t\t\tMuy bien!                            <\/p>\n\t\t\t\t\t\t\t                            <p class=\"rhea-ultra-testimonial-light\">\n\t\t\t\t\t\t\t\t\u00a1Gracias IIker, disfrut\u00e9 mucho de mi estancia! Definitivamente lo recomiendo.                            <\/p>\n\t\t\t\t\t\t\t                        <div class=\"rhea-ultra-testimonal-author\">\n\t\t\t\t\t\t\t                                <span class=\"rhea-author\">Ines<\/span>\n\t\t\t\t\t\t\t\t                        <\/div>\n                    <\/div>\n                <\/div>\n            <\/div>\n\t\t\t            <div class=\"rhea-ultra-testimonial-box-wrapper\">\n                <div class=\"rhea-ultra-testimonial-box\">\n                    <div class=\"rhea-ultra-testimonials-thumb rhea-ultra-bg-dots\">\n                        <div class=\"rhea-ultra-thumb\">\n                            <img decoding=\"async\" src=\"https:\/\/evapart.org\/wp-content\/uploads\/2025\/09\/jan-comentaris-eva.webp\" alt=\"Jan\">\n                        <\/div>\n                    <\/div>\n                    <div class=\"rhea-ultra-testimonials-details\">\n\t\t\t\t\t\t                            <p class=\"rhea-ultra-testimonial-strong\">\n\t\t\t\t\t\t\t\tMuy bien                            <\/p>\n\t\t\t\t\t\t\t                            <p class=\"rhea-ultra-testimonial-light\">\n\t\t\t\t\t\t\t\tEs un apartamento bonito y luminoso en un barrio agradable. Limpio y equipado con buen equipamiento. Trabajar fue dif\u00edcil debido a la renovaci\u00f3n en el pasillo. Los vecinos pueden ser un poco ruidosos, pero por la noche es encantador y tranquilo. Ilker respondi\u00f3 r\u00e1pidamente a pesar de que tambi\u00e9n era necesario al principio no tener todo el inventario descrito. El segundo dormitorio era muy ruidoso, ya que bordea el patio. La limpieza todas las semanas fue buena.                            <\/p>\n\t\t\t\t\t\t\t                        <div class=\"rhea-ultra-testimonal-author\">\n\t\t\t\t\t\t\t                                <span class=\"rhea-author\">Jan<\/span>\n\t\t\t\t\t\t\t\t                        <\/div>\n                    <\/div>\n                <\/div>\n            <\/div>\n\t\t\t            <div class=\"rhea-ultra-testimonial-box-wrapper\">\n                <div class=\"rhea-ultra-testimonial-box\">\n                    <div class=\"rhea-ultra-testimonials-thumb rhea-ultra-bg-dots\">\n                        <div class=\"rhea-ultra-thumb\">\n                            <img decoding=\"async\" src=\"https:\/\/evapart.org\/wp-content\/uploads\/2025\/09\/jacquice-comentaris-eva.webp\" alt=\"Jacquice\">\n                        <\/div>\n                    <\/div>\n                    <div class=\"rhea-ultra-testimonials-details\">\n\t\t\t\t\t\t                            <p class=\"rhea-ultra-testimonial-strong\">\n\t\t\t\t\t\t\t\tPrecioso!                            <\/p>\n\t\t\t\t\t\t\t                            <p class=\"rhea-ultra-testimonial-light\">\n\t\t\t\t\t\t\t\tDisfrutamos mucho del apartamento y de su ubicaci\u00f3n.  Ilker fue extremadamente receptivo y abord\u00f3 todos los problemas o comentarios que ten\u00edamos. \u00a1El mejor anfitri\u00f3n que hemos experimentado! Realmente recomendar\u00eda este apartamento a familiares y amigos.                            <\/p>\n\t\t\t\t\t\t\t                        <div class=\"rhea-ultra-testimonal-author\">\n\t\t\t\t\t\t\t                                <span class=\"rhea-author\">Jacquice<\/span>\n\t\t\t\t\t\t\t\t                        <\/div>\n                    <\/div>\n                <\/div>\n            <\/div>\n\t\t\t            <div class=\"rhea-ultra-testimonial-box-wrapper\">\n                <div class=\"rhea-ultra-testimonial-box\">\n                    <div class=\"rhea-ultra-testimonials-thumb rhea-ultra-bg-dots\">\n                        <div class=\"rhea-ultra-thumb\">\n                            <img decoding=\"async\" src=\"https:\/\/evapart.org\/wp-content\/uploads\/2025\/09\/david-comentaris-eva.webp\" alt=\"David\">\n                        <\/div>\n                    <\/div>\n                    <div class=\"rhea-ultra-testimonials-details\">\n\t\t\t\t\t\t                            <p class=\"rhea-ultra-testimonial-strong\">\n\t\t\t\t\t\t\t\tUbicaci\u00f3n confortable                            <\/p>\n\t\t\t\t\t\t\t                            <p class=\"rhea-ultra-testimonial-light\">\n\t\t\t\t\t\t\t\tUbicaci\u00f3n confortable y Ilker es un anfitri\u00f3n perfecto. Fiable, siempre contesta sin demora durante nuestra estancia bastante larga (2 meses y medio). Gracia es un bonito barrio tonto de los mercados de tiendas y estaciones de metro. Muy recomendable.                            <\/p>\n\t\t\t\t\t\t\t                        <div class=\"rhea-ultra-testimonal-author\">\n\t\t\t\t\t\t\t                                <span class=\"rhea-author\">David<\/span>\n\t\t\t\t\t\t\t\t                        <\/div>\n                    <\/div>\n                <\/div>\n            <\/div>\n\t\t\t    <\/div>\n    <div id=\"rhea-nav-4334e52\" class=\"rhea-ultra-nav-box rhea-ultra-owl-nav owl-nav\">\n        <div id=\"rhea-dots-4334e52\" class=\"rhea-ultra-owl-dots owl-dots\"><\/div>\n    <\/div>\n<\/div>\n<script type=\"application\/javascript\">\n    jQuery( document ).ready( function () {\n        jQuery( \"#rhea-carousel-4334e52\" ).owlCarousel( {\n            animateOut    : 'animate__fadeOut',\n            animateIn     : 'animate__fadeIn',\n            items         : 1,\n            nav           : true,\n            dots          : true,\n            dotsEach      : true,\n            loop          : false,\n            rtl           : rheaIsRTL(),\n            smartSpeed    : 500,\n            navText       : ['<i class=\"fas fa-caret-left\"><\/i>', '<i class=\"fas fa-caret-right\"><\/i>'],\n            navContainer  : '#rhea-nav-4334e52',\n            dotsContainer : '#rhea-dots-4334e52'\n        } );\n    } );\n<\/script>\t\t\t\t<\/div>\n\t\t\t\t<\/div>\n\t\t\t\t<div class=\"elementor-element elementor-element-3245980 elementor-widget__width-initial elementor-absolute elementor-widget elementor-widget-spacer\" data-id=\"3245980\" data-element_type=\"widget\" data-settings=\"{&quot;_position&quot;:&quot;absolute&quot;}\" data-widget_type=\"spacer.default\">\n\t\t\t\t<div class=\"elementor-widget-container\">\n\t\t\t\t\t\t\t<div class=\"elementor-spacer\">\n\t\t\t<div class=\"elementor-spacer-inner\"><\/div>\n\t\t<\/div>\n\t\t\t\t\t\t<\/div>\n\t\t\t\t<\/div>\n\t\t\t\t\t<\/div>\n\t\t<\/div>\n\t\t\t\t\t<\/div>\n\t\t<\/section>\n\t\t\t\t<\/div>","protected":false},"excerpt":{"rendered":"<p>This is a recently renovated big 2 bed apartment with 2 separate bath rooms. The location is 4 min walking distance to the Plaza Lesseps where you can find a Metro Station. Original elements like mosaic floor tiles and etched window glasses have been tastefully restored. \u00a0 The space Upon entering the property the hall&#8230;<\/p>","protected":false},"author":1,"featured_media":8295,"parent":0,"menu_order":0,"comment_status":"closed","ping_status":"closed","template":"templates\/property-full-width-layout.php","caracter\u00edsticas-propiedad":[50,52,17,18,54,77,22,23,59,60,63,34,65,76,68,78,71],"tipos-propiedad":[14,84],"ciudades-propiedad":[81],"estatus-propiedad":[27],"class_list":["post-8419","property","type-property","status-publish","has-post-thumbnail","hentry","property-feature-air-conditioning","property-feature-cable-tv","property-feature-central-cooling","property-feature-central-heating","property-feature-coffee-maker","property-feature-dishwasher","property-feature-dual-sinks","property-feature-electric-range","property-feature-heating","property-feature-hot-water","property-feature-kitchen","property-feature-marble-floors","property-feature-microwave","property-feature-oven","property-feature-refrigerator","property-feature-washing-machine","property-feature-wifi","property-type-apartment","property-type-city","property-city-barcelona","property-status-for-rent"],"property_meta":{"REAL_HOMES_property_size":"100","REAL_HOMES_property_size_postfix":"m2","REAL_HOMES_property_lot_size":"","REAL_HOMES_property_lot_size_postfix":"","REAL_HOMES_property_bedrooms":"2","REAL_HOMES_property_bathrooms":"2","REAL_HOMES_property_garage":"","REAL_HOMES_property_id":"RH-8419-property","REAL_HOMES_property_year_built":"","REAL_HOMES_featured":"0","REAL_HOMES_additional_details_list":[],"REAL_HOMES_property_price":"","REAL_HOMES_property_old_price":"","REAL_HOMES_property_price_prefix":"","REAL_HOMES_property_price_postfix":"Per Night","rvr_booking_widget_display":"","rvr_booking_mode":"","rvr_govt_tax":"","rvr_govt_tax_type":"percentage","rvr_govt_tax_calculation":"per_stay","rvr_service_charges":"","rvr_service_charges_type":"percentage","rvr_service_charges_calculation":"per_stay","rvr_guests_capacity":"1-4","rvr_book_child_as":"child","rvr_min_stay":"31","rvr_guests_capacity_extend":"allowed","rvr_extra_guest_price":"","rvr_bulk_pricing":[],"rvr_seasonal_pricing":[],"rvr_custom_reserved_dates":[],"rvr_additional_fees":[{"rvr_fee_type":"percentage","rvr_fee_calculation":"per_stay"}],"rvr_additional_amenities":[{"price_calculation":"per_stay"}],"rvr_accommodation":[{"room_type":"Bedroom 1","bed_type":"Double bed","beds_number":"1","guests_number":"2"},{"room_type":"Bedroom 2","bed_type":"Double bed","beds_number":"1","guests_number":"2"}],"rvr_outdoor_features":["Balcony","Sun Loungers","Natural Gas Barbecue","Hot Tub","Heat Lamp"],"rvr_surroundings":[{"rvr_surrounding_point":"HIP-NOTICS Cable Ski Park","rvr_surrounding_point_distance":"20 Minutes"},{"rvr_surrounding_point":"Bus stop","rvr_surrounding_point_distance":"2 Minutes Drive"}],"rvr_included":["Housekeeping","Apartment Pre-Stocking","Concierge Services","Activities and Workshops","24\/7 Support"],"rvr_not_included":["Airport Transportation","Cooking\/Catering Services","Guided Tours","In-Home Spa Services"],"rvr_policies":[{"rvr_policy_detail":"Check-in: 13:00 AM ","rvr_policy_icon":"far fa-clock"},{"rvr_policy_detail":"Checkout: 11:00 AM","rvr_policy_icon":"fas fa-clock"},{"rvr_policy_detail":"No Smoking","rvr_policy_icon":"fas fa-smoking-ban"},{"rvr_policy_detail":"No Pets","rvr_policy_icon":"rvr-slash fas fa-paw"},{"rvr_policy_detail":"No Parties or Events","rvr_policy_icon":"rvr-slash fas fa-glass-cheers"},{"rvr_policy_detail":"Minimum age of primary renter: 18","rvr_policy_icon":"fas fa-user-alt"},{"rvr_policy_detail":"100% refund if canceled at least 30 days before arrival date. 50% refund if canceled at least 7 days before arrival date.","rvr_policy_icon":"far fa-money-bill-alt"}],"rvr_import_icalendar_feed_list":[{"feed_url":"https:\/\/www.airbnb.com\/calendar\/ical\/38923161.ics?s=71df0adf03c7e10db4dfcbb327604bf0&locale=de"}],"REAL_HOMES_property_location":{"latitude":"41.4015795","longitude":"2.1534483","zoom":"14"},"REAL_HOMES_property_address":"Carrer Gran de Gr\u00e0cia, Barcelona, Espa\u00f1a","REAL_HOMES_property_map":"0","REAL_HOMES_property_images":[{"width":150,"height":150,"file":"2025\/09\/Barcelona-casa-2-foto-13.webp","filesize":823396,"sizes":{"medium":{"file":"Barcelona-casa-2-foto-13-300x200.webp","width":300,"height":200,"mime-type":"image\/webp","filesize":11996,"url":"https:\/\/evapart.org\/wp-content\/uploads\/2025\/09\/Barcelona-casa-2-foto-13-300x200.webp"},"large":{"file":"Barcelona-casa-2-foto-13-1024x682.webp","width":1024,"height":682,"mime-type":"image\/webp","filesize":54030,"url":"https:\/\/evapart.org\/wp-content\/uploads\/2025\/09\/Barcelona-casa-2-foto-13-1024x682.webp"},"thumbnail":{"file":"Barcelona-casa-2-foto-13-150x150.webp","width":150,"height":150,"mime-type":"image\/webp","filesize":7520,"url":"https:\/\/evapart.org\/wp-content\/uploads\/2025\/09\/Barcelona-casa-2-foto-13-150x150.webp"},"medium_large":{"file":"Barcelona-casa-2-foto-13-768x512.webp","width":768,"height":512,"mime-type":"image\/webp","filesize":37874,"url":"https:\/\/evapart.org\/wp-content\/uploads\/2025\/09\/Barcelona-casa-2-foto-13-768x512.webp"},"1536x1536":{"file":"Barcelona-casa-2-foto-13-1536x1023.webp","width":1536,"height":1023,"mime-type":"image\/webp","filesize":84648,"url":"https:\/\/evapart.org\/wp-content\/uploads\/2025\/09\/Barcelona-casa-2-foto-13-1536x1023.webp"},"trp-custom-language-flag":{"file":"Barcelona-casa-2-foto-13-18x12.webp","width":18,"height":12,"mime-type":"image\/webp","filesize":3696,"url":"https:\/\/evapart.org\/wp-content\/uploads\/2025\/09\/Barcelona-casa-2-foto-13-18x12.webp"},"post-thumbnail":{"file":"Barcelona-casa-2-foto-13-150x100.webp","width":150,"height":100,"mime-type":"image\/webp","filesize":6530,"url":"https:\/\/evapart.org\/wp-content\/uploads\/2025\/09\/Barcelona-casa-2-foto-13-150x100.webp"},"modern-property-child-slider":{"file":"Barcelona-casa-2-foto-13-680x510.webp","width":680,"height":510,"mime-type":"image\/webp","filesize":36340,"url":"https:\/\/evapart.org\/wp-content\/uploads\/2025\/09\/Barcelona-casa-2-foto-13-680x510.webp"},"property-thumb-image":{"file":"Barcelona-casa-2-foto-13-488x326.webp","width":488,"height":326,"mime-type":"image\/webp","filesize":22022,"url":"https:\/\/evapart.org\/wp-content\/uploads\/2025\/09\/Barcelona-casa-2-foto-13-488x326.webp"},"property-detail-video-image":{"file":"Barcelona-casa-2-foto-13-818x417.webp","width":818,"height":417,"mime-type":"image\/webp","filesize":27786,"url":"https:\/\/evapart.org\/wp-content\/uploads\/2025\/09\/Barcelona-casa-2-foto-13-818x417.webp"},"agent-image":{"file":"Barcelona-casa-2-foto-13-210x210.webp","width":210,"height":210,"mime-type":"image\/webp","filesize":10084,"url":"https:\/\/evapart.org\/wp-content\/uploads\/2025\/09\/Barcelona-casa-2-foto-13-210x210.webp"},"partners-logo":{"file":"Barcelona-casa-2-foto-13-600x1279.webp","width":600,"height":1279,"mime-type":"image\/webp","filesize":40286,"url":"https:\/\/evapart.org\/wp-content\/uploads\/2025\/09\/Barcelona-casa-2-foto-13-600x1279.webp"},"post-featured-image":{"file":"Barcelona-casa-2-foto-13-1240x720.webp","width":1240,"height":720,"mime-type":"image\/webp","filesize":54828,"url":"https:\/\/evapart.org\/wp-content\/uploads\/2025\/09\/Barcelona-casa-2-foto-13-1240x720.webp"}},"image_meta":{"aperture":"0","credit":"","camera":"","caption":"","created_timestamp":"0","copyright":"","focal_length":"0","iso":"0","shutter_speed":"0","title":"","orientation":"0","keywords":[]},"ID":"8294","name":"Barcelona-casa-2-foto-13.webp","path":"\/srv\/www\/evapartorg\/htdocs\/wp-content\/uploads\/2025\/09\/Barcelona-casa-2-foto-13.webp","url":"https:\/\/evapart.org\/wp-content\/uploads\/2025\/09\/Barcelona-casa-2-foto-13-150x150.webp","full_url":"https:\/\/evapart.org\/wp-content\/uploads\/2025\/09\/Barcelona-casa-2-foto-13.webp","title":"Barcelona-casa-2-foto-13","caption":"","description":"","alt":"","srcset":"https:\/\/evapart.org\/wp-content\/uploads\/2025\/09\/Barcelona-casa-2-foto-13-150x150.webp 150w, https:\/\/evapart.org\/wp-content\/uploads\/2025\/09\/Barcelona-casa-2-foto-13-210x210.webp 210w"}],"REAL_HOMES_change_gallery_slider_type":"0","REAL_HOMES_gallery_slider_type":"masonry-style","inspiry_floor_plans":[],"inspiry_video_group":[{"inspiry_video_group_url":"https:\/\/www.youtube.com\/watch?v=EdHozna0M3w"}],"REAL_HOMES_360_virtual_tour":"","REAL_HOMES_agent_display_option":"none","REAL_HOMES_energy_class":"none","REAL_HOMES_energy_performance":"","REAL_HOMES_epc_current_rating":"","REAL_HOMES_epc_potential_rating":"","ere_property_schedule_tour":"global","ere_property_schedule_time_slots":"","ere_property_schedule_description":"","REAL_HOMES_sticky":"0","inspiry_property_label":"","inspiry_property_label_color":"","inspiry_property_tax":"","inspiry_additional_fee":"","REAL_HOMES_attachments":[],"inspiry_property_owner_name":"","inspiry_property_owner_contact":"","inspiry_property_owner_address":"","REAL_HOMES_property_private_note":"","inspiry_message_to_reviewer":"","REAL_HOMES_add_in_slider":"yes","REAL_HOMES_slider_image":[{"width":150,"height":150,"file":"2020\/11\/apartment-11.jpg","filesize":201730,"sizes":{"medium":{"file":"apartment-11-300x169.jpg","width":300,"height":169,"mime-type":"image\/jpeg","filesize":14200,"url":"https:\/\/evapart.org\/wp-content\/uploads\/2020\/11\/apartment-11-300x169.jpg"},"large":{"file":"apartment-11-1024x576.jpg","width":1024,"height":576,"mime-type":"image\/jpeg","filesize":114217,"url":"https:\/\/evapart.org\/wp-content\/uploads\/2020\/11\/apartment-11-1024x576.jpg"},"thumbnail":{"file":"apartment-11-150x150.jpg","width":150,"height":150,"mime-type":"image\/jpeg","filesize":6702,"url":"https:\/\/evapart.org\/wp-content\/uploads\/2020\/11\/apartment-11-150x150.jpg"},"medium_large":{"file":"apartment-11-768x432.jpg","width":768,"height":432,"mime-type":"image\/jpeg","filesize":69307,"url":"https:\/\/evapart.org\/wp-content\/uploads\/2020\/11\/apartment-11-768x432.jpg"},"post-thumbnail":{"file":"apartment-11-150x84.jpg","width":150,"height":84,"mime-type":"image\/jpeg","filesize":4655,"url":"https:\/\/evapart.org\/wp-content\/uploads\/2020\/11\/apartment-11-150x84.jpg"},"modern-property-child-slider":{"file":"apartment-11-680x510.jpg","width":680,"height":510,"mime-type":"image\/jpeg","filesize":71372,"url":"https:\/\/evapart.org\/wp-content\/uploads\/2020\/11\/apartment-11-680x510.jpg"},"property-thumb-image":{"file":"apartment-11-488x326.jpg","width":488,"height":326,"mime-type":"image\/jpeg","filesize":36401,"url":"https:\/\/evapart.org\/wp-content\/uploads\/2020\/11\/apartment-11-488x326.jpg"},"property-detail-video-image":{"file":"apartment-11-818x417.jpg","width":818,"height":417,"mime-type":"image\/jpeg","filesize":72874,"url":"https:\/\/evapart.org\/wp-content\/uploads\/2020\/11\/apartment-11-818x417.jpg"},"agent-image":{"file":"apartment-11-210x210.jpg","width":210,"height":210,"mime-type":"image\/jpeg","filesize":11556,"url":"https:\/\/evapart.org\/wp-content\/uploads\/2020\/11\/apartment-11-210x210.jpg"},"partners-logo":{"file":"apartment-11-600x720.jpg","width":600,"height":720,"mime-type":"image\/jpeg","filesize":90332,"url":"https:\/\/evapart.org\/wp-content\/uploads\/2020\/11\/apartment-11-600x720.jpg"},"post-featured-image":{"file":"apartment-11-1240x720.jpg","width":1240,"height":720,"mime-type":"image\/jpeg","filesize":188575,"url":"https:\/\/evapart.org\/wp-content\/uploads\/2020\/11\/apartment-11-1240x720.jpg"}},"image_meta":{"aperture":"0","credit":"","camera":"","caption":"","created_timestamp":"0","copyright":"","focal_length":"0","iso":"0","shutter_speed":"0","title":"","orientation":"0","keywords":[]},"ID":"5093","name":"apartment-11.jpg","path":"\/srv\/www\/evapartorg\/htdocs\/wp-content\/uploads\/2020\/11\/apartment-11.jpg","url":"https:\/\/evapart.org\/wp-content\/uploads\/2020\/11\/apartment-11-150x150.jpg","full_url":"https:\/\/evapart.org\/wp-content\/uploads\/2020\/11\/apartment-11.jpg","title":"Apartamento","caption":"","description":"","alt":"","srcset":"https:\/\/evapart.org\/wp-content\/uploads\/2020\/11\/apartment-11-150x150.jpg 150w, https:\/\/evapart.org\/wp-content\/uploads\/2020\/11\/apartment-11-210x210.jpg 210w"}],"REAL_HOMES_page_banner_image":[],"inspiry_garden_area":"","REAL_HOMES_custom_header_display":"default","REAL_HOMES_custom_header_position":"relative","REAL_HOMES_custom_footer_display":"default","REAL_HOMES_hide_advance_search":"0","REAL_HOMES_custom_search_form":"default","REAL_HOMES_search_form_margin_top":"","REAL_HOMES_search_form_margin_bottom":"-72px"},"_links":{"self":[{"href":"https:\/\/evapart.org\/es\/wp-json\/wp\/v2\/properties\/8419","targetHints":{"allow":["GET"]}}],"collection":[{"href":"https:\/\/evapart.org\/es\/wp-json\/wp\/v2\/properties"}],"about":[{"href":"https:\/\/evapart.org\/es\/wp-json\/wp\/v2\/types\/property"}],"author":[{"embeddable":true,"href":"https:\/\/evapart.org\/es\/wp-json\/wp\/v2\/users\/1"}],"replies":[{"embeddable":true,"href":"https:\/\/evapart.org\/es\/wp-json\/wp\/v2\/comments?post=8419"}],"version-history":[{"count":1,"href":"https:\/\/evapart.org\/es\/wp-json\/wp\/v2\/properties\/8419\/revisions"}],"predecessor-version":[{"id":8465,"href":"https:\/\/evapart.org\/es\/wp-json\/wp\/v2\/properties\/8419\/revisions\/8465"}],"wp:featuredmedia":[{"embeddable":true,"href":"https:\/\/evapart.org\/es\/wp-json\/wp\/v2\/media\/8295"}],"wp:attachment":[{"href":"https:\/\/evapart.org\/es\/wp-json\/wp\/v2\/media?parent=8419"}],"wp:term":[{"taxonomy":"property-feature","embeddable":true,"href":"https:\/\/evapart.org\/es\/wp-json\/wp\/v2\/caracter\u00edsticas-propiedad?post=8419"},{"taxonomy":"property-type","embeddable":true,"href":"https:\/\/evapart.org\/es\/wp-json\/wp\/v2\/tipos-propiedad?post=8419"},{"taxonomy":"property-city","embeddable":true,"href":"https:\/\/evapart.org\/es\/wp-json\/wp\/v2\/ciudades-propiedad?post=8419"},{"taxonomy":"property-status","embeddable":true,"href":"https:\/\/evapart.org\/es\/wp-json\/wp\/v2\/estatus-propiedad?post=8419"}],"curies":[{"name":"wp","href":"https:\/\/api.w.org\/{rel}","templated":true}]}}