{"id":8255,"date":"2025-09-05T10:02:13","date_gmt":"2025-09-05T10:02:13","guid":{"rendered":"https:\/\/evapart.org\/?post_type=property&#038;p=8255"},"modified":"2025-09-15T11:52:36","modified_gmt":"2025-09-15T11:52:36","slug":"apartment-5-beds","status":"publish","type":"property","link":"https:\/\/evapart.org\/es\/property\/apartment-5-beds\/","title":{"rendered":"Apartamento 5 camas"},"content":{"rendered":"<div data-elementor-type=\"wp-post\" data-elementor-id=\"8255\" class=\"elementor elementor-8255\" data-elementor-post-type=\"property\">\n\t\t\t\t<div class=\"elementor-element elementor-element-6fb8e76 e-flex e-con-boxed e-con e-parent\" data-id=\"6fb8e76\" data-element_type=\"container\">\n\t\t\t\t\t<div class=\"e-con-inner\">\n\t\t\t\t<div class=\"elementor-element elementor-element-414656e9 elementor-widget__width-initial elementor-widget-tablet__width-inherit elementor-widget elementor-widget-text-editor\" data-id=\"414656e9\" data-element_type=\"widget\" data-widget_type=\"text-editor.default\">\n\t\t\t\t<div class=\"elementor-widget-container\">\n\t\t\t\t\t\t\t\t\t\n<div class=\"_tp3sbt\">\n<section>Este es un gran apartamento en el coraz\u00f3n de la ciudad, justo entre Born, Arco del Triunfo y Plaza Catalunya.<br \/><br \/>El apartamento est\u00e1 en el 5\u00ba piso de un edificio modernista de 1890 bien mantenido con una entrada impresionante y un ascensor espacioso.<br \/><br \/>Con m\u00e1s de 200 m2 de espacio habitable, cuenta con 5 dormitorios, 1 gran balc\u00f3n orientado al sureste (amanecer) y un balc\u00f3n orientado al noroeste (puesta de sol), 1 sal\u00f3n y 1 comedor y una cocina totalmente equipada.<\/section>\n<\/div>\n<p>\u00a0<\/p>\n<section><\/section>\n<section><strong><span style=\"color: #d3445a;\">El espacio<\/span><\/strong><\/section>\n<div class=\"_tp3sbt\">\n<section>El gran balc\u00f3n orientado al sureste tiene unas vistas fant\u00e1sticas. La vista incluye Montjuic, la catedral, la iglesia de Santa Mar\u00eda, el W Hotel y el Hotel Arts. Disfrutamos especialmente de las vistas del amanecer y la luna llena. El balc\u00f3n da a un tranquilo patio de manzana. Tambi\u00e9n a\u00f1adimos 2 tumbonas para relajarse en los d\u00edas soleados, que son muchos en Barcelona.<br \/><br \/>Otra caracter\u00edstica de este apartamento son los suelos de mosaico hidr\u00e1ulico y el techo alto.<br \/><br \/>La calefacci\u00f3n es con radiadores.<\/section>\n<section>La sala de estar es c\u00f3moda y tiene un televisor con un fire stick y altavoz bluetooth y acceso al balc\u00f3n orientado al sureste.<\/section>\n<\/div>\n\t\t\t\t\t\t\t\t<\/div>\n\t\t\t\t<\/div>\n\t\t\t\t<div class=\"elementor-element elementor-element-2649f73 elementor-widget__width-initial elementor-widget-tablet__width-inherit elementor-widget elementor-widget-text-editor\" data-id=\"2649f73\" data-element_type=\"widget\" data-widget_type=\"text-editor.default\">\n\t\t\t\t<div class=\"elementor-widget-container\">\n\t\t\t\t\t\t\t\t\t\n<div class=\"_tp3sbt\">\n<section>\n<div class=\"_tp3sbt\">\n<section>Junto a la sala de estar tienes una gran habitaci\u00f3n con una mesa de comedor que usamos tambi\u00e9n como nuestra oficina en casa con una impresora y una c\u00f3moda silla de escritorio. Aqu\u00ed tambi\u00e9n encontrar\u00e1s nuestra biblioteca con muchos libros.<\/section>\n<section><\/section>\n<section><br>En el otro extremo del apartamento tienes 4 dormitorios, 3 de ellos con cama de matrimonio y 2 de ellos con acceso a un balc\u00f3n.<br \/><br \/>En la parte central tienes una gran entrada, 1 aseo, 1 ba\u00f1o completo, una cocina totalmente equipada y 1 dormitorio adicional.<\/section>\n<\/div>\n<\/section>\n<\/div>\n<section><\/section>\n<p>&nbsp;<\/p>\n<section><strong><span style=\"color: #d3445a;\">Servicios y zonas comues<\/span><\/strong><\/section>\n<section>Aparte de los espacios descritos, tenemos 1 habitaci\u00f3n m\u00e1s peque\u00f1a que hemos cerrado para guardar nuestras pertenencias personales.<\/section>\n<p>&nbsp;<\/p>\n<section><\/section>\n<div class=\"_tp3sbt\">\n<section>\n<div class=\"_tp3sbt\">\n<section><strong><span style=\"color: #d3445a;\">Otros aspectos destacables<\/span><\/strong><\/section>\n<\/div>\n<\/section>\n<\/div>\n<div class=\"_tp3sbt\">\n<section>\n<div class=\"d143xaow atm_ks_zryt35 atm_1wn1q82_btfdgi atm_mk_h2mmj6 atm_26_1qwqy05 atm_vy_auwlz6 atm_j3_auwlz6 atm_iy_1osqo2v atm_9s_1txwivl atm_ar_1bp4okc atm_70_rgs8xj atm_6a_18em6z3 atm_6c_18em6z3 atm_16_kb7nvz atm_12_1hrf63d atm_1c_1mqsbs0 atm_1k_10p890i atm_y_1tad3g6 atm_tw_uaqxkr atm_im2n7a_1osqo2v atm_189k8xb_1osqo2v atm_ks_15vqwwr__1yj3dog atm_kd_glywfm_pfnrn2 atm_5j_18em6z3__oggzyc atm_16_kb7nvz__oggzyc atm_12_1hrf63d__oggzyc atm_1c_vo11yy__oggzyc atm_y_vegxqt__oggzyc atm_1k_so3mv5__oggzyc atm_tw_uaqxkr__oggzyc atm_im2n7a_n7od8j__oggzyc atm_189k8xb_n7od8j__oggzyc atm_1c_4ysrdk__1rrf6b5 atm_y_t0utr__1rrf6b5 atm_1k_1ar7sfh__1rrf6b5 atm_j3_ktbqgd__oggzyc atm_vy_16ji443__oggzyc drp3lcp atm_e2_1osqo2v_vagkz0_2ygr2h atm_vy_1osqo2v_vagkz0_2ygr2h atm_j3_1osqo2v_vagkz0_2ygr2h atm_5j_idpfg4_vagkz0_2ygr2h atm_gz_1fgafaw_vagkz0_2ygr2h atm_h0_i3vgjb_vagkz0_2ygr2h atm_lk_3ladnm_vagkz0_2ygr2h atm_ll_fk2qd9_vagkz0_2ygr2h dc9qi36 dir dir-ltr\" tabindex=\"-1\" role=\"dialog\" aria-label=\"Acerca de este espacio\" aria-modal=\"true\">\n<div class=\"_1jza0fl\">\n<section>\n<div class=\"_8qtz0ky\" tabindex=\"0\">\n<div class=\"d99wcva atm_1htbn05_mrkt56 atm_m4qiaa_dezgoh atm_nmhd1s_10d11i2 atm_n738wd_11rlvjh atm_ff14j6_1xap3gc atm_1strswt_1c4m0nl atm_vvc489_1mygper atm_bmoam2_mrkt56 dir dir-ltr\">\n<div class=\"_3hmsj\">\n<div class=\"_13nmyp\">\n<div class=\"c1yo0219 atm_9s_1txwivl_vmtskl atm_92_1yyfdc7_vmtskl atm_9s_1txwivl_9in345 atm_92_1yyfdc7_9in345 dir dir-ltr\" data-pageslot=\"true\">\n<div data-plugin-in-point-id=\"DESCRIPTION_MODAL\" data-section-id=\"DESCRIPTION_MODAL\">\n<div class=\"_tp3sbt\">\n<section>El alquiler incluye una limpieza semanal de 3 horas y una asignaci\u00f3n mensual de 200 \u20ac para servicios p\u00fablicos como internet, agua, gas y electricidad.<br \/><br \/>Hay un aire acondicionado dividido en la sala de estar y en el dormitorio principal. Para las otras habitaciones tenemos ventiladores para los meses de verano.<\/section>\n<\/div>\n<\/div>\n<\/div>\n<\/div>\n<\/div>\n<\/div>\n<\/div>\n<\/section>\n<\/div>\n<\/div>\n<\/section>\n<\/div>\n\t\t\t\t\t\t\t\t<\/div>\n\t\t\t\t<\/div>\n\t\t\t\t\t<\/div>\n\t\t\t\t<\/div>\n\t\t\t\t<section class=\"elementor-section elementor-top-section elementor-element elementor-element-edd789f elementor-section-stretched elementor-section-boxed elementor-section-height-default elementor-section-height-default\" data-id=\"edd789f\" data-element_type=\"section\" data-settings=\"{&quot;stretch_section&quot;:&quot;section-stretched&quot;,&quot;background_background&quot;:&quot;classic&quot;}\">\n\t\t\t\t\t\t<div class=\"elementor-container elementor-column-gap-no\">\n\t\t\t\t\t<div class=\"elementor-column elementor-col-100 elementor-top-column elementor-element elementor-element-cc4cbef\" data-id=\"cc4cbef\" data-element_type=\"column\">\n\t\t\t<div class=\"elementor-widget-wrap elementor-element-populated\">\n\t\t\t\t\t\t<div class=\"elementor-element elementor-element-b158312 elementor-widget__width-auto elementor-absolute elementor-widget elementor-widget-heading\" data-id=\"b158312\" data-element_type=\"widget\" data-settings=\"{&quot;_position&quot;:&quot;absolute&quot;}\" data-widget_type=\"heading.default\">\n\t\t\t\t<div class=\"elementor-widget-container\">\n\t\t\t\t\t<div class=\"elementor-heading-title elementor-size-default\">\u2018<\/div>\t\t\t\t<\/div>\n\t\t\t\t<\/div>\n\t\t\t\t<section class=\"elementor-section elementor-inner-section elementor-element elementor-element-4a3bc66 elementor-section-boxed elementor-section-height-default elementor-section-height-default\" data-id=\"4a3bc66\" data-element_type=\"section\">\n\t\t\t\t\t\t<div class=\"elementor-container elementor-column-gap-default\">\n\t\t\t\t\t<div class=\"elementor-column elementor-col-100 elementor-inner-column elementor-element elementor-element-9f0f68c\" data-id=\"9f0f68c\" data-element_type=\"column\">\n\t\t\t<div class=\"elementor-widget-wrap elementor-element-populated\">\n\t\t\t\t\t\t<div class=\"elementor-element elementor-element-af31faf elementor-widget elementor-widget-heading\" data-id=\"af31faf\" data-element_type=\"widget\" data-widget_type=\"heading.default\">\n\t\t\t\t<div class=\"elementor-widget-container\">\n\t\t\t\t\t<h2 class=\"elementor-heading-title elementor-size-default\">Felicitaciones de los anfitriones<\/h2>\t\t\t\t<\/div>\n\t\t\t\t<\/div>\n\t\t\t\t<div class=\"elementor-element elementor-element-f5b82b8 elementor-widget elementor-widget-text-editor\" data-id=\"f5b82b8\" data-element_type=\"widget\" data-widget_type=\"text-editor.default\">\n\t\t\t\t<div class=\"elementor-widget-container\">\n\t\t\t\t\t\t\t\t\t<p>Sobre su experiencia con nosotros<\/p>\t\t\t\t\t\t\t\t<\/div>\n\t\t\t\t<\/div>\n\t\t\t\t\t<\/div>\n\t\t<\/div>\n\t\t\t\t\t<\/div>\n\t\t<\/section>\n\t\t\t\t<div class=\"elementor-element elementor-element-83fb75e elementor-widget__width-auto elementor-absolute elementor-widget elementor-widget-heading\" data-id=\"83fb75e\" data-element_type=\"widget\" data-settings=\"{&quot;_position&quot;:&quot;absolute&quot;}\" data-widget_type=\"heading.default\">\n\t\t\t\t<div class=\"elementor-widget-container\">\n\t\t\t\t\t<div class=\"elementor-heading-title elementor-size-default\">,<\/div>\t\t\t\t<\/div>\n\t\t\t\t<\/div>\n\t\t\t\t<div class=\"elementor-element elementor-element-d5b9f1a elementor-widget__width-initial elementor-absolute elementor-widget elementor-widget-spacer\" data-id=\"d5b9f1a\" data-element_type=\"widget\" data-settings=\"{&quot;_position&quot;:&quot;absolute&quot;}\" data-widget_type=\"spacer.default\">\n\t\t\t\t<div class=\"elementor-widget-container\">\n\t\t\t\t\t\t\t<div class=\"elementor-spacer\">\n\t\t\t<div class=\"elementor-spacer-inner\"><\/div>\n\t\t<\/div>\n\t\t\t\t\t\t<\/div>\n\t\t\t\t<\/div>\n\t\t\t\t<div class=\"elementor-element elementor-element-4334e52 elementor-widget elementor-widget-inspiry-testimonial-ultra-widget\" data-id=\"4334e52\" data-element_type=\"widget\" data-settings=\"{&quot;autoplay&quot;:&quot;yes&quot;,&quot;pause_on_hover&quot;:&quot;yes&quot;,&quot;pause_on_interaction&quot;:&quot;yes&quot;,&quot;infinite&quot;:&quot;yes&quot;,&quot;autoplay_speed&quot;:3000,&quot;speed&quot;:500}\" data-widget_type=\"inspiry-testimonial-ultra-widget.default\">\n\t\t\t\t<div class=\"elementor-widget-container\">\n\t\t\t\t\t<div class=\"rhea-ultra-testimonials-wrapper\" id=\"rhea_ultra-4334e52\">\n    <div class=\"rhea-ultra-testimonials owl-carousel\" id=\"rhea-carousel-4334e52\">\n\t\t            <div class=\"rhea-ultra-testimonial-box-wrapper\">\n                <div class=\"rhea-ultra-testimonial-box\">\n                    <div class=\"rhea-ultra-testimonials-thumb rhea-ultra-bg-dots\">\n                        <div class=\"rhea-ultra-thumb\">\n                            <img decoding=\"async\" src=\"https:\/\/evapart.org\/wp-content\/uploads\/2025\/09\/Lauren-comentaris-eva.webp\" alt=\"Lauren\">\n                        <\/div>\n                    <\/div>\n                    <div class=\"rhea-ultra-testimonials-details\">\n\t\t\t\t\t\t                            <p class=\"rhea-ultra-testimonial-strong\">\n\t\t\t\t\t\t\t\tGinormous!                            <\/p>\n\t\t\t\t\t\t\t                            <p class=\"rhea-ultra-testimonial-light\">\n\t\t\t\t\t\t\t\tLa casa de Ilker es enorme, las fotos no le hacen justicia. Fue un anfitri\u00f3n excelente y siempre respondi\u00f3. La lavadora de la unidad era excelente, los balcones eran encantadores y el barrio es muy encantador. Varios mercados cerca y el metro est\u00e1 a la vuelta de la esquina. Lo recomiendo totalmente.                            <\/p>\n\t\t\t\t\t\t\t                        <div class=\"rhea-ultra-testimonal-author\">\n\t\t\t\t\t\t\t                                <span class=\"rhea-author\">Lauren<\/span>\n\t\t\t\t\t\t\t\t                        <\/div>\n                    <\/div>\n                <\/div>\n            <\/div>\n\t\t\t            <div class=\"rhea-ultra-testimonial-box-wrapper\">\n                <div class=\"rhea-ultra-testimonial-box\">\n                    <div class=\"rhea-ultra-testimonials-thumb rhea-ultra-bg-dots\">\n                        <div class=\"rhea-ultra-thumb\">\n                            <img decoding=\"async\" src=\"https:\/\/evapart.org\/wp-content\/uploads\/2025\/09\/enrico-comentaris-eva.webp\" alt=\"Enrico\">\n                        <\/div>\n                    <\/div>\n                    <div class=\"rhea-ultra-testimonials-details\">\n\t\t\t\t\t\t                            <p class=\"rhea-ultra-testimonial-strong\">\n\t\t\t\t\t\t\t\tHighly recommend!                            <\/p>\n\t\t\t\t\t\t\t                            <p class=\"rhea-ultra-testimonial-light\">\n\t\t\t\t\t\t\t\tIlker was a great host, he provided us with everything we needed during our stay.\nThe flat is huge, very spacious and located in a great location. It was the best place for our 1month working remotely.\nHighly recommend!                            <\/p>\n\t\t\t\t\t\t\t                        <div class=\"rhea-ultra-testimonal-author\">\n\t\t\t\t\t\t\t                                <span class=\"rhea-author\">Enrico<\/span>\n\t\t\t\t\t\t\t\t                        <\/div>\n                    <\/div>\n                <\/div>\n            <\/div>\n\t\t\t            <div class=\"rhea-ultra-testimonial-box-wrapper\">\n                <div class=\"rhea-ultra-testimonial-box\">\n                    <div class=\"rhea-ultra-testimonials-thumb rhea-ultra-bg-dots\">\n                        <div class=\"rhea-ultra-thumb\">\n                            <img decoding=\"async\" src=\"https:\/\/evapart.org\/wp-content\/uploads\/2025\/09\/brains-comentaris-eva.webp\" alt=\"Brains\">\n                        <\/div>\n                    <\/div>\n                    <div class=\"rhea-ultra-testimonials-details\">\n\t\t\t\t\t\t                            <p class=\"rhea-ultra-testimonial-strong\">\n\t\t\t\t\t\t\t\tPerfecto                            <\/p>\n\t\t\t\t\t\t\t                            <p class=\"rhea-ultra-testimonial-light\">\n\t\t\t\t\t\t\t\tLa casa de Ilker era perfecta, en el coraz\u00f3n de Barcelona sin sentir que estaba invadida por turistas o ruido. El balc\u00f3n era precioso y ten\u00eda unas vistas estupendas de la ciudad, se sent\u00eda muy rom\u00e1ntico sentarse all\u00ed y disfrutar de \u00e9l. Me encant\u00f3 mi estancia all\u00ed.                            <\/p>\n\t\t\t\t\t\t\t                        <div class=\"rhea-ultra-testimonal-author\">\n\t\t\t\t\t\t\t                                <span class=\"rhea-author\">Brains<\/span>\n\t\t\t\t\t\t\t\t                        <\/div>\n                    <\/div>\n                <\/div>\n            <\/div>\n\t\t\t            <div class=\"rhea-ultra-testimonial-box-wrapper\">\n                <div class=\"rhea-ultra-testimonial-box\">\n                    <div class=\"rhea-ultra-testimonials-thumb rhea-ultra-bg-dots\">\n                        <div class=\"rhea-ultra-thumb\">\n                            <img decoding=\"async\" src=\"https:\/\/evapart.org\/wp-content\/uploads\/2025\/09\/brayden-comentaris-eva-1.webp\" alt=\"Brayden\">\n                        <\/div>\n                    <\/div>\n                    <div class=\"rhea-ultra-testimonials-details\">\n\t\t\t\t\t\t                            <p class=\"rhea-ultra-testimonial-strong\">\n\t\t\t\t\t\t\t\tPrecioso!                            <\/p>\n\t\t\t\t\t\t\t                            <p class=\"rhea-ultra-testimonial-light\">\n\t\t\t\t\t\t\t\tIlker fue un anfitri\u00f3n muy amable y genial con un bonito apartamento a un precio razonable.                            <\/p>\n\t\t\t\t\t\t\t                        <div class=\"rhea-ultra-testimonal-author\">\n\t\t\t\t\t\t\t                                <span class=\"rhea-author\">Brayden<\/span>\n\t\t\t\t\t\t\t\t                        <\/div>\n                    <\/div>\n                <\/div>\n            <\/div>\n\t\t\t            <div class=\"rhea-ultra-testimonial-box-wrapper\">\n                <div class=\"rhea-ultra-testimonial-box\">\n                    <div class=\"rhea-ultra-testimonials-thumb rhea-ultra-bg-dots\">\n                        <div class=\"rhea-ultra-thumb\">\n                            <img decoding=\"async\" src=\"https:\/\/evapart.org\/wp-content\/uploads\/2025\/09\/rodolfo-comentaris-eva-1.webp\" alt=\"Rodolfo\">\n                        <\/div>\n                    <\/div>\n                    <div class=\"rhea-ultra-testimonials-details\">\n\t\t\t\t\t\t                            <p class=\"rhea-ultra-testimonial-strong\">\n\t\t\t\t\t\t\t\tGreat!                            <\/p>\n\t\t\t\t\t\t\t                            <p class=\"rhea-ultra-testimonial-light\">\n\t\t\t\t\t\t\t\tIlker es un anfitri\u00f3n estupendo y le encantar\u00eda volver a alojarse en su alojamiento.                            <\/p>\n\t\t\t\t\t\t\t                        <div class=\"rhea-ultra-testimonal-author\">\n\t\t\t\t\t\t\t                                <span class=\"rhea-author\">Rodolfo<\/span>\n\t\t\t\t\t\t\t\t                        <\/div>\n                    <\/div>\n                <\/div>\n            <\/div>\n\t\t\t    <\/div>\n    <div id=\"rhea-nav-4334e52\" class=\"rhea-ultra-nav-box rhea-ultra-owl-nav owl-nav\">\n        <div id=\"rhea-dots-4334e52\" class=\"rhea-ultra-owl-dots owl-dots\"><\/div>\n    <\/div>\n<\/div>\n<script type=\"application\/javascript\">\n    jQuery( document ).ready( function () {\n        jQuery( \"#rhea-carousel-4334e52\" ).owlCarousel( {\n            animateOut    : 'animate__fadeOut',\n            animateIn     : 'animate__fadeIn',\n            items         : 1,\n            nav           : true,\n            dots          : true,\n            dotsEach      : true,\n            loop          : false,\n            rtl           : rheaIsRTL(),\n            smartSpeed    : 500,\n            navText       : ['<i class=\"fas fa-caret-left\"><\/i>', '<i class=\"fas fa-caret-right\"><\/i>'],\n            navContainer  : '#rhea-nav-4334e52',\n            dotsContainer : '#rhea-dots-4334e52'\n        } );\n    } );\n<\/script>\t\t\t\t<\/div>\n\t\t\t\t<\/div>\n\t\t\t\t<div class=\"elementor-element elementor-element-3245980 elementor-widget__width-initial elementor-absolute elementor-widget elementor-widget-spacer\" data-id=\"3245980\" data-element_type=\"widget\" data-settings=\"{&quot;_position&quot;:&quot;absolute&quot;}\" data-widget_type=\"spacer.default\">\n\t\t\t\t<div class=\"elementor-widget-container\">\n\t\t\t\t\t\t\t<div class=\"elementor-spacer\">\n\t\t\t<div class=\"elementor-spacer-inner\"><\/div>\n\t\t<\/div>\n\t\t\t\t\t\t<\/div>\n\t\t\t\t<\/div>\n\t\t\t\t\t<\/div>\n\t\t<\/div>\n\t\t\t\t\t<\/div>\n\t\t<\/section>\n\t\t\t\t<\/div>","protected":false},"excerpt":{"rendered":"<p>This is a big apartment in the heart of the city, right between Born, Arc de Triomf and Plaza Catalunya. The apartment is on the 5th floor of a well maintained 1890 modernist building with an impressive entrance and a spacious elevator. With over 200m2 living space it has 5 bed rooms, 1 big balcony&#8230;<\/p>","protected":false},"author":1,"featured_media":8468,"parent":0,"menu_order":0,"comment_status":"closed","ping_status":"closed","template":"templates\/property-full-width-layout.php","caracter\u00edsticas-propiedad":[50,52,17,18,54,77,22,23,59,60,63,34,65,76,68,78,71],"tipos-propiedad":[14,84],"ciudades-propiedad":[81],"estatus-propiedad":[27],"class_list":["post-8255","property","type-property","status-publish","has-post-thumbnail","hentry","property-feature-air-conditioning","property-feature-cable-tv","property-feature-central-cooling","property-feature-central-heating","property-feature-coffee-maker","property-feature-dishwasher","property-feature-dual-sinks","property-feature-electric-range","property-feature-heating","property-feature-hot-water","property-feature-kitchen","property-feature-marble-floors","property-feature-microwave","property-feature-oven","property-feature-refrigerator","property-feature-washing-machine","property-feature-wifi","property-type-apartment","property-type-city","property-city-barcelona","property-status-for-rent"],"property_meta":{"REAL_HOMES_property_size":"200","REAL_HOMES_property_size_postfix":"m2","REAL_HOMES_property_lot_size":"","REAL_HOMES_property_lot_size_postfix":"","REAL_HOMES_property_bedrooms":"5","REAL_HOMES_property_bathrooms":"1,5","REAL_HOMES_property_garage":"","REAL_HOMES_property_id":"RH-8255-property","REAL_HOMES_property_year_built":"","REAL_HOMES_featured":"0","REAL_HOMES_additional_details_list":[],"REAL_HOMES_property_price":"","REAL_HOMES_property_old_price":"","REAL_HOMES_property_price_prefix":"","REAL_HOMES_property_price_postfix":"Per Night","rvr_booking_widget_display":"","rvr_booking_mode":"","rvr_govt_tax":"","rvr_govt_tax_type":"percentage","rvr_govt_tax_calculation":"per_stay","rvr_service_charges":"","rvr_service_charges_type":"percentage","rvr_service_charges_calculation":"per_stay","rvr_guests_capacity":"6","rvr_book_child_as":"child","rvr_min_stay":"31","rvr_guests_capacity_extend":"allowed","rvr_extra_guest_price":"","rvr_bulk_pricing":[],"rvr_seasonal_pricing":[],"rvr_custom_reserved_dates":[],"rvr_additional_fees":[{"rvr_fee_type":"percentage","rvr_fee_calculation":"per_stay"}],"rvr_additional_amenities":[{"price_calculation":"per_stay"}],"rvr_accommodation":[{"room_type":"Bedroom 1","bed_type":"Individual bed","beds_number":"1","guests_number":"1"},{"room_type":"Bedroom 2","bed_type":"Double bed","beds_number":"1","guests_number":"2"},{"room_type":"Bedroom 3","bed_type":"Double bed","beds_number":"1","guests_number":"2"},{"room_type":"Bedroom 4","bed_type":"Individual bed","beds_number":"1","guests_number":"1"},{"room_type":"Bedroom 5","bed_type":"Individual bed","beds_number":"1","guests_number":"1"}],"rvr_outdoor_features":["Balcony","Sun Loungers","Natural Gas Barbecue","Hot Tub","Heat Lamp"],"rvr_surroundings":[{"rvr_surrounding_point":"HIP-NOTICS Cable Ski Park","rvr_surrounding_point_distance":"20 Minutes"},{"rvr_surrounding_point":"Bus stop","rvr_surrounding_point_distance":"2 Minutes Drive"}],"rvr_included":["Housekeeping","Apartment Pre-Stocking","Concierge Services","Activities and Workshops","24\/7 Support"],"rvr_not_included":["Airport Transportation","Cooking\/Catering Services","Guided Tours","In-Home Spa Services"],"rvr_policies":[{"rvr_policy_detail":"Check-in: 15:00 PM ","rvr_policy_icon":"far fa-clock"},{"rvr_policy_detail":"Checkout: 11:00 AM","rvr_policy_icon":"fas fa-clock"},{"rvr_policy_detail":"No Smoking","rvr_policy_icon":"fas fa-smoking-ban"},{"rvr_policy_detail":"No Pets","rvr_policy_icon":"rvr-slash fas fa-paw"},{"rvr_policy_detail":"No Parties or Events","rvr_policy_icon":"rvr-slash fas fa-glass-cheers"},{"rvr_policy_detail":"Minimum age of primary renter: 18","rvr_policy_icon":"fas fa-user-alt"},{"rvr_policy_detail":"100% refund if canceled at least 30 days before arrival date. 50% refund if canceled at least 7 days before arrival date.","rvr_policy_icon":"far fa-money-bill-alt"}],"rvr_import_icalendar_feed_list":[{"feed_url":"https:\/\/www.airbnb.com\/calendar\/ical\/46633269.ics?s=5362e3d8e2211e5bcf8df97460da809a&locale=de"}],"REAL_HOMES_property_location":{"latitude":"41.3885953","longitude":"2.1762805","zoom":"16"},"REAL_HOMES_property_address":"Passatge de les manufactures, Barcelona, Espa\u00f1a","REAL_HOMES_property_map":"0","REAL_HOMES_property_images":[{"width":150,"height":150,"file":"2025\/09\/Barcelona-casa-1-foto3.webp","filesize":1158054,"sizes":{"medium":{"file":"Barcelona-casa-1-foto3-300x200.webp","width":300,"height":200,"mime-type":"image\/webp","filesize":13930,"url":"https:\/\/evapart.org\/wp-content\/uploads\/2025\/09\/Barcelona-casa-1-foto3-300x200.webp"},"large":{"file":"Barcelona-casa-1-foto3-1024x682.webp","width":1024,"height":682,"mime-type":"image\/webp","filesize":72136,"url":"https:\/\/evapart.org\/wp-content\/uploads\/2025\/09\/Barcelona-casa-1-foto3-1024x682.webp"},"thumbnail":{"file":"Barcelona-casa-1-foto3-150x150.webp","width":150,"height":150,"mime-type":"image\/webp","filesize":7702,"url":"https:\/\/evapart.org\/wp-content\/uploads\/2025\/09\/Barcelona-casa-1-foto3-150x150.webp"},"medium_large":{"file":"Barcelona-casa-1-foto3-768x512.webp","width":768,"height":512,"mime-type":"image\/webp","filesize":46252,"url":"https:\/\/evapart.org\/wp-content\/uploads\/2025\/09\/Barcelona-casa-1-foto3-768x512.webp"},"1536x1536":{"file":"Barcelona-casa-1-foto3-1536x1023.webp","width":1536,"height":1023,"mime-type":"image\/webp","filesize":128104,"url":"https:\/\/evapart.org\/wp-content\/uploads\/2025\/09\/Barcelona-casa-1-foto3-1536x1023.webp"},"trp-custom-language-flag":{"file":"Barcelona-casa-1-foto3-18x12.webp","width":18,"height":12,"mime-type":"image\/webp","filesize":3672,"url":"https:\/\/evapart.org\/wp-content\/uploads\/2025\/09\/Barcelona-casa-1-foto3-18x12.webp"},"post-thumbnail":{"file":"Barcelona-casa-1-foto3-150x100.webp","width":150,"height":100,"mime-type":"image\/webp","filesize":7264,"url":"https:\/\/evapart.org\/wp-content\/uploads\/2025\/09\/Barcelona-casa-1-foto3-150x100.webp"},"modern-property-child-slider":{"file":"Barcelona-casa-1-foto3-680x510.webp","width":680,"height":510,"mime-type":"image\/webp","filesize":41166,"url":"https:\/\/evapart.org\/wp-content\/uploads\/2025\/09\/Barcelona-casa-1-foto3-680x510.webp"},"property-thumb-image":{"file":"Barcelona-casa-1-foto3-488x326.webp","width":488,"height":326,"mime-type":"image\/webp","filesize":24956,"url":"https:\/\/evapart.org\/wp-content\/uploads\/2025\/09\/Barcelona-casa-1-foto3-488x326.webp"},"property-detail-video-image":{"file":"Barcelona-casa-1-foto3-818x417.webp","width":818,"height":417,"mime-type":"image\/webp","filesize":43458,"url":"https:\/\/evapart.org\/wp-content\/uploads\/2025\/09\/Barcelona-casa-1-foto3-818x417.webp"},"agent-image":{"file":"Barcelona-casa-1-foto3-210x210.webp","width":210,"height":210,"mime-type":"image\/webp","filesize":10480,"url":"https:\/\/evapart.org\/wp-content\/uploads\/2025\/09\/Barcelona-casa-1-foto3-210x210.webp"},"partners-logo":{"file":"Barcelona-casa-1-foto3-600x1279.webp","width":600,"height":1279,"mime-type":"image\/webp","filesize":47198,"url":"https:\/\/evapart.org\/wp-content\/uploads\/2025\/09\/Barcelona-casa-1-foto3-600x1279.webp"},"post-featured-image":{"file":"Barcelona-casa-1-foto3-1240x720.webp","width":1240,"height":720,"mime-type":"image\/webp","filesize":86084,"url":"https:\/\/evapart.org\/wp-content\/uploads\/2025\/09\/Barcelona-casa-1-foto3-1240x720.webp"}},"image_meta":{"aperture":"0","credit":"","camera":"","caption":"","created_timestamp":"0","copyright":"","focal_length":"0","iso":"0","shutter_speed":"0","title":"","orientation":"0","keywords":[]},"ID":"8260","name":"Barcelona-casa-1-foto3.webp","path":"\/srv\/www\/evapartorg\/htdocs\/wp-content\/uploads\/2025\/09\/Barcelona-casa-1-foto3.webp","url":"https:\/\/evapart.org\/wp-content\/uploads\/2025\/09\/Barcelona-casa-1-foto3-150x150.webp","full_url":"https:\/\/evapart.org\/wp-content\/uploads\/2025\/09\/Barcelona-casa-1-foto3.webp","title":"Barcelona-casa-1-foto3","caption":"","description":"","alt":"","srcset":"https:\/\/evapart.org\/wp-content\/uploads\/2025\/09\/Barcelona-casa-1-foto3-150x150.webp 150w, https:\/\/evapart.org\/wp-content\/uploads\/2025\/09\/Barcelona-casa-1-foto3-210x210.webp 210w"},{"width":150,"height":150,"file":"2025\/09\/Barcelona-casa-1-foto4.webp","filesize":1045584,"sizes":{"medium":{"file":"Barcelona-casa-1-foto4-300x200.webp","width":300,"height":200,"mime-type":"image\/webp","filesize":12568,"url":"https:\/\/evapart.org\/wp-content\/uploads\/2025\/09\/Barcelona-casa-1-foto4-300x200.webp"},"large":{"file":"Barcelona-casa-1-foto4-1024x682.webp","width":1024,"height":682,"mime-type":"image\/webp","filesize":63240,"url":"https:\/\/evapart.org\/wp-content\/uploads\/2025\/09\/Barcelona-casa-1-foto4-1024x682.webp"},"thumbnail":{"file":"Barcelona-casa-1-foto4-150x150.webp","width":150,"height":150,"mime-type":"image\/webp","filesize":7750,"url":"https:\/\/evapart.org\/wp-content\/uploads\/2025\/09\/Barcelona-casa-1-foto4-150x150.webp"},"medium_large":{"file":"Barcelona-casa-1-foto4-768x512.webp","width":768,"height":512,"mime-type":"image\/webp","filesize":40784,"url":"https:\/\/evapart.org\/wp-content\/uploads\/2025\/09\/Barcelona-casa-1-foto4-768x512.webp"},"1536x1536":{"file":"Barcelona-casa-1-foto4-1536x1023.webp","width":1536,"height":1023,"mime-type":"image\/webp","filesize":112244,"url":"https:\/\/evapart.org\/wp-content\/uploads\/2025\/09\/Barcelona-casa-1-foto4-1536x1023.webp"},"trp-custom-language-flag":{"file":"Barcelona-casa-1-foto4-18x12.webp","width":18,"height":12,"mime-type":"image\/webp","filesize":3680,"url":"https:\/\/evapart.org\/wp-content\/uploads\/2025\/09\/Barcelona-casa-1-foto4-18x12.webp"},"post-thumbnail":{"file":"Barcelona-casa-1-foto4-150x100.webp","width":150,"height":100,"mime-type":"image\/webp","filesize":6828,"url":"https:\/\/evapart.org\/wp-content\/uploads\/2025\/09\/Barcelona-casa-1-foto4-150x100.webp"},"modern-property-child-slider":{"file":"Barcelona-casa-1-foto4-680x510.webp","width":680,"height":510,"mime-type":"image\/webp","filesize":36730,"url":"https:\/\/evapart.org\/wp-content\/uploads\/2025\/09\/Barcelona-casa-1-foto4-680x510.webp"},"property-thumb-image":{"file":"Barcelona-casa-1-foto4-488x326.webp","width":488,"height":326,"mime-type":"image\/webp","filesize":21798,"url":"https:\/\/evapart.org\/wp-content\/uploads\/2025\/09\/Barcelona-casa-1-foto4-488x326.webp"},"property-detail-video-image":{"file":"Barcelona-casa-1-foto4-818x417.webp","width":818,"height":417,"mime-type":"image\/webp","filesize":37528,"url":"https:\/\/evapart.org\/wp-content\/uploads\/2025\/09\/Barcelona-casa-1-foto4-818x417.webp"},"agent-image":{"file":"Barcelona-casa-1-foto4-210x210.webp","width":210,"height":210,"mime-type":"image\/webp","filesize":10258,"url":"https:\/\/evapart.org\/wp-content\/uploads\/2025\/09\/Barcelona-casa-1-foto4-210x210.webp"},"partners-logo":{"file":"Barcelona-casa-1-foto4-600x1279.webp","width":600,"height":1279,"mime-type":"image\/webp","filesize":50802,"url":"https:\/\/evapart.org\/wp-content\/uploads\/2025\/09\/Barcelona-casa-1-foto4-600x1279.webp"},"post-featured-image":{"file":"Barcelona-casa-1-foto4-1240x720.webp","width":1240,"height":720,"mime-type":"image\/webp","filesize":75198,"url":"https:\/\/evapart.org\/wp-content\/uploads\/2025\/09\/Barcelona-casa-1-foto4-1240x720.webp"}},"image_meta":{"aperture":"0","credit":"","camera":"","caption":"","created_timestamp":"0","copyright":"","focal_length":"0","iso":"0","shutter_speed":"0","title":"","orientation":"0","keywords":[]},"ID":"8261","name":"Barcelona-casa-1-foto4.webp","path":"\/srv\/www\/evapartorg\/htdocs\/wp-content\/uploads\/2025\/09\/Barcelona-casa-1-foto4.webp","url":"https:\/\/evapart.org\/wp-content\/uploads\/2025\/09\/Barcelona-casa-1-foto4-150x150.webp","full_url":"https:\/\/evapart.org\/wp-content\/uploads\/2025\/09\/Barcelona-casa-1-foto4.webp","title":"Barcelona-casa-1-foto4","caption":"","description":"","alt":"","srcset":"https:\/\/evapart.org\/wp-content\/uploads\/2025\/09\/Barcelona-casa-1-foto4-150x150.webp 150w, https:\/\/evapart.org\/wp-content\/uploads\/2025\/09\/Barcelona-casa-1-foto4-210x210.webp 210w"},{"width":150,"height":150,"file":"2025\/09\/Barcelona-casa-1-foto5.webp","filesize":1410442,"sizes":{"medium":{"file":"Barcelona-casa-1-foto5-300x200.webp","width":300,"height":200,"mime-type":"image\/webp","filesize":16392,"url":"https:\/\/evapart.org\/wp-content\/uploads\/2025\/09\/Barcelona-casa-1-foto5-300x200.webp"},"large":{"file":"Barcelona-casa-1-foto5-1024x682.webp","width":1024,"height":682,"mime-type":"image\/webp","filesize":94174,"url":"https:\/\/evapart.org\/wp-content\/uploads\/2025\/09\/Barcelona-casa-1-foto5-1024x682.webp"},"thumbnail":{"file":"Barcelona-casa-1-foto5-150x150.webp","width":150,"height":150,"mime-type":"image\/webp","filesize":8852,"url":"https:\/\/evapart.org\/wp-content\/uploads\/2025\/09\/Barcelona-casa-1-foto5-150x150.webp"},"medium_large":{"file":"Barcelona-casa-1-foto5-768x512.webp","width":768,"height":512,"mime-type":"image\/webp","filesize":60130,"url":"https:\/\/evapart.org\/wp-content\/uploads\/2025\/09\/Barcelona-casa-1-foto5-768x512.webp"},"1536x1536":{"file":"Barcelona-casa-1-foto5-1536x1023.webp","width":1536,"height":1023,"mime-type":"image\/webp","filesize":163446,"url":"https:\/\/evapart.org\/wp-content\/uploads\/2025\/09\/Barcelona-casa-1-foto5-1536x1023.webp"},"trp-custom-language-flag":{"file":"Barcelona-casa-1-foto5-18x12.webp","width":18,"height":12,"mime-type":"image\/webp","filesize":3672,"url":"https:\/\/evapart.org\/wp-content\/uploads\/2025\/09\/Barcelona-casa-1-foto5-18x12.webp"},"post-thumbnail":{"file":"Barcelona-casa-1-foto5-150x100.webp","width":150,"height":100,"mime-type":"image\/webp","filesize":7706,"url":"https:\/\/evapart.org\/wp-content\/uploads\/2025\/09\/Barcelona-casa-1-foto5-150x100.webp"},"modern-property-child-slider":{"file":"Barcelona-casa-1-foto5-680x510.webp","width":680,"height":510,"mime-type":"image\/webp","filesize":54898,"url":"https:\/\/evapart.org\/wp-content\/uploads\/2025\/09\/Barcelona-casa-1-foto5-680x510.webp"},"property-thumb-image":{"file":"Barcelona-casa-1-foto5-488x326.webp","width":488,"height":326,"mime-type":"image\/webp","filesize":32228,"url":"https:\/\/evapart.org\/wp-content\/uploads\/2025\/09\/Barcelona-casa-1-foto5-488x326.webp"},"property-detail-video-image":{"file":"Barcelona-casa-1-foto5-818x417.webp","width":818,"height":417,"mime-type":"image\/webp","filesize":50944,"url":"https:\/\/evapart.org\/wp-content\/uploads\/2025\/09\/Barcelona-casa-1-foto5-818x417.webp"},"agent-image":{"file":"Barcelona-casa-1-foto5-210x210.webp","width":210,"height":210,"mime-type":"image\/webp","filesize":12828,"url":"https:\/\/evapart.org\/wp-content\/uploads\/2025\/09\/Barcelona-casa-1-foto5-210x210.webp"},"partners-logo":{"file":"Barcelona-casa-1-foto5-600x1279.webp","width":600,"height":1279,"mime-type":"image\/webp","filesize":80196,"url":"https:\/\/evapart.org\/wp-content\/uploads\/2025\/09\/Barcelona-casa-1-foto5-600x1279.webp"},"post-featured-image":{"file":"Barcelona-casa-1-foto5-1240x720.webp","width":1240,"height":720,"mime-type":"image\/webp","filesize":107014,"url":"https:\/\/evapart.org\/wp-content\/uploads\/2025\/09\/Barcelona-casa-1-foto5-1240x720.webp"}},"image_meta":{"aperture":"0","credit":"","camera":"","caption":"","created_timestamp":"0","copyright":"","focal_length":"0","iso":"0","shutter_speed":"0","title":"","orientation":"0","keywords":[]},"ID":"8262","name":"Barcelona-casa-1-foto5.webp","path":"\/srv\/www\/evapartorg\/htdocs\/wp-content\/uploads\/2025\/09\/Barcelona-casa-1-foto5.webp","url":"https:\/\/evapart.org\/wp-content\/uploads\/2025\/09\/Barcelona-casa-1-foto5-150x150.webp","full_url":"https:\/\/evapart.org\/wp-content\/uploads\/2025\/09\/Barcelona-casa-1-foto5.webp","title":"Barcelona-casa-1-foto5","caption":"","description":"","alt":"","srcset":"https:\/\/evapart.org\/wp-content\/uploads\/2025\/09\/Barcelona-casa-1-foto5-150x150.webp 150w, https:\/\/evapart.org\/wp-content\/uploads\/2025\/09\/Barcelona-casa-1-foto5-210x210.webp 210w"},{"width":150,"height":150,"file":"2025\/09\/Barcelona-casa-1-foto6.webp","filesize":1190686,"sizes":{"medium":{"file":"Barcelona-casa-1-foto6-300x200.webp","width":300,"height":200,"mime-type":"image\/webp","filesize":14344,"url":"https:\/\/evapart.org\/wp-content\/uploads\/2025\/09\/Barcelona-casa-1-foto6-300x200.webp"},"large":{"file":"Barcelona-casa-1-foto6-1024x682.webp","width":1024,"height":682,"mime-type":"image\/webp","filesize":78786,"url":"https:\/\/evapart.org\/wp-content\/uploads\/2025\/09\/Barcelona-casa-1-foto6-1024x682.webp"},"thumbnail":{"file":"Barcelona-casa-1-foto6-150x150.webp","width":150,"height":150,"mime-type":"image\/webp","filesize":8364,"url":"https:\/\/evapart.org\/wp-content\/uploads\/2025\/09\/Barcelona-casa-1-foto6-150x150.webp"},"medium_large":{"file":"Barcelona-casa-1-foto6-768x512.webp","width":768,"height":512,"mime-type":"image\/webp","filesize":50506,"url":"https:\/\/evapart.org\/wp-content\/uploads\/2025\/09\/Barcelona-casa-1-foto6-768x512.webp"},"1536x1536":{"file":"Barcelona-casa-1-foto6-1536x1023.webp","width":1536,"height":1023,"mime-type":"image\/webp","filesize":136612,"url":"https:\/\/evapart.org\/wp-content\/uploads\/2025\/09\/Barcelona-casa-1-foto6-1536x1023.webp"},"trp-custom-language-flag":{"file":"Barcelona-casa-1-foto6-18x12.webp","width":18,"height":12,"mime-type":"image\/webp","filesize":3662,"url":"https:\/\/evapart.org\/wp-content\/uploads\/2025\/09\/Barcelona-casa-1-foto6-18x12.webp"},"post-thumbnail":{"file":"Barcelona-casa-1-foto6-150x100.webp","width":150,"height":100,"mime-type":"image\/webp","filesize":7000,"url":"https:\/\/evapart.org\/wp-content\/uploads\/2025\/09\/Barcelona-casa-1-foto6-150x100.webp"},"modern-property-child-slider":{"file":"Barcelona-casa-1-foto6-680x510.webp","width":680,"height":510,"mime-type":"image\/webp","filesize":47052,"url":"https:\/\/evapart.org\/wp-content\/uploads\/2025\/09\/Barcelona-casa-1-foto6-680x510.webp"},"property-thumb-image":{"file":"Barcelona-casa-1-foto6-488x326.webp","width":488,"height":326,"mime-type":"image\/webp","filesize":26800,"url":"https:\/\/evapart.org\/wp-content\/uploads\/2025\/09\/Barcelona-casa-1-foto6-488x326.webp"},"property-detail-video-image":{"file":"Barcelona-casa-1-foto6-818x417.webp","width":818,"height":417,"mime-type":"image\/webp","filesize":38954,"url":"https:\/\/evapart.org\/wp-content\/uploads\/2025\/09\/Barcelona-casa-1-foto6-818x417.webp"},"agent-image":{"file":"Barcelona-casa-1-foto6-210x210.webp","width":210,"height":210,"mime-type":"image\/webp","filesize":11948,"url":"https:\/\/evapart.org\/wp-content\/uploads\/2025\/09\/Barcelona-casa-1-foto6-210x210.webp"},"partners-logo":{"file":"Barcelona-casa-1-foto6-600x1279.webp","width":600,"height":1279,"mime-type":"image\/webp","filesize":80618,"url":"https:\/\/evapart.org\/wp-content\/uploads\/2025\/09\/Barcelona-casa-1-foto6-600x1279.webp"},"post-featured-image":{"file":"Barcelona-casa-1-foto6-1240x720.webp","width":1240,"height":720,"mime-type":"image\/webp","filesize":83516,"url":"https:\/\/evapart.org\/wp-content\/uploads\/2025\/09\/Barcelona-casa-1-foto6-1240x720.webp"}},"image_meta":{"aperture":"0","credit":"","camera":"","caption":"","created_timestamp":"0","copyright":"","focal_length":"0","iso":"0","shutter_speed":"0","title":"","orientation":"0","keywords":[]},"ID":"8263","name":"Barcelona-casa-1-foto6.webp","path":"\/srv\/www\/evapartorg\/htdocs\/wp-content\/uploads\/2025\/09\/Barcelona-casa-1-foto6.webp","url":"https:\/\/evapart.org\/wp-content\/uploads\/2025\/09\/Barcelona-casa-1-foto6-150x150.webp","full_url":"https:\/\/evapart.org\/wp-content\/uploads\/2025\/09\/Barcelona-casa-1-foto6.webp","title":"Barcelona-casa-1-foto6","caption":"","description":"","alt":"","srcset":"https:\/\/evapart.org\/wp-content\/uploads\/2025\/09\/Barcelona-casa-1-foto6-150x150.webp 150w, https:\/\/evapart.org\/wp-content\/uploads\/2025\/09\/Barcelona-casa-1-foto6-210x210.webp 210w"},{"width":150,"height":150,"file":"2025\/09\/Barcelona-casa-1-foto7.webp","filesize":1670366,"sizes":{"medium":{"file":"Barcelona-casa-1-foto7-300x200.webp","width":300,"height":200,"mime-type":"image\/webp","filesize":17644,"url":"https:\/\/evapart.org\/wp-content\/uploads\/2025\/09\/Barcelona-casa-1-foto7-300x200.webp"},"large":{"file":"Barcelona-casa-1-foto7-1024x682.webp","width":1024,"height":682,"mime-type":"image\/webp","filesize":113512,"url":"https:\/\/evapart.org\/wp-content\/uploads\/2025\/09\/Barcelona-casa-1-foto7-1024x682.webp"},"thumbnail":{"file":"Barcelona-casa-1-foto7-150x150.webp","width":150,"height":150,"mime-type":"image\/webp","filesize":9988,"url":"https:\/\/evapart.org\/wp-content\/uploads\/2025\/09\/Barcelona-casa-1-foto7-150x150.webp"},"medium_large":{"file":"Barcelona-casa-1-foto7-768x512.webp","width":768,"height":512,"mime-type":"image\/webp","filesize":71696,"url":"https:\/\/evapart.org\/wp-content\/uploads\/2025\/09\/Barcelona-casa-1-foto7-768x512.webp"},"1536x1536":{"file":"Barcelona-casa-1-foto7-1536x1023.webp","width":1536,"height":1023,"mime-type":"image\/webp","filesize":203134,"url":"https:\/\/evapart.org\/wp-content\/uploads\/2025\/09\/Barcelona-casa-1-foto7-1536x1023.webp"},"trp-custom-language-flag":{"file":"Barcelona-casa-1-foto7-18x12.webp","width":18,"height":12,"mime-type":"image\/webp","filesize":3674,"url":"https:\/\/evapart.org\/wp-content\/uploads\/2025\/09\/Barcelona-casa-1-foto7-18x12.webp"},"post-thumbnail":{"file":"Barcelona-casa-1-foto7-150x100.webp","width":150,"height":100,"mime-type":"image\/webp","filesize":8012,"url":"https:\/\/evapart.org\/wp-content\/uploads\/2025\/09\/Barcelona-casa-1-foto7-150x100.webp"},"modern-property-child-slider":{"file":"Barcelona-casa-1-foto7-680x510.webp","width":680,"height":510,"mime-type":"image\/webp","filesize":66184,"url":"https:\/\/evapart.org\/wp-content\/uploads\/2025\/09\/Barcelona-casa-1-foto7-680x510.webp"},"property-thumb-image":{"file":"Barcelona-casa-1-foto7-488x326.webp","width":488,"height":326,"mime-type":"image\/webp","filesize":36230,"url":"https:\/\/evapart.org\/wp-content\/uploads\/2025\/09\/Barcelona-casa-1-foto7-488x326.webp"},"property-detail-video-image":{"file":"Barcelona-casa-1-foto7-818x417.webp","width":818,"height":417,"mime-type":"image\/webp","filesize":62274,"url":"https:\/\/evapart.org\/wp-content\/uploads\/2025\/09\/Barcelona-casa-1-foto7-818x417.webp"},"agent-image":{"file":"Barcelona-casa-1-foto7-210x210.webp","width":210,"height":210,"mime-type":"image\/webp","filesize":15002,"url":"https:\/\/evapart.org\/wp-content\/uploads\/2025\/09\/Barcelona-casa-1-foto7-210x210.webp"},"partners-logo":{"file":"Barcelona-casa-1-foto7-600x1279.webp","width":600,"height":1279,"mime-type":"image\/webp","filesize":107468,"url":"https:\/\/evapart.org\/wp-content\/uploads\/2025\/09\/Barcelona-casa-1-foto7-600x1279.webp"},"post-featured-image":{"file":"Barcelona-casa-1-foto7-1240x720.webp","width":1240,"height":720,"mime-type":"image\/webp","filesize":133722,"url":"https:\/\/evapart.org\/wp-content\/uploads\/2025\/09\/Barcelona-casa-1-foto7-1240x720.webp"}},"image_meta":{"aperture":"0","credit":"","camera":"","caption":"","created_timestamp":"0","copyright":"","focal_length":"0","iso":"0","shutter_speed":"0","title":"","orientation":"0","keywords":[]},"ID":"8264","name":"Barcelona-casa-1-foto7.webp","path":"\/srv\/www\/evapartorg\/htdocs\/wp-content\/uploads\/2025\/09\/Barcelona-casa-1-foto7.webp","url":"https:\/\/evapart.org\/wp-content\/uploads\/2025\/09\/Barcelona-casa-1-foto7-150x150.webp","full_url":"https:\/\/evapart.org\/wp-content\/uploads\/2025\/09\/Barcelona-casa-1-foto7.webp","title":"Barcelona-casa-1-foto7","caption":"","description":"","alt":"","srcset":"https:\/\/evapart.org\/wp-content\/uploads\/2025\/09\/Barcelona-casa-1-foto7-150x150.webp 150w, https:\/\/evapart.org\/wp-content\/uploads\/2025\/09\/Barcelona-casa-1-foto7-210x210.webp 210w"},{"width":150,"height":150,"file":"2025\/09\/Barcelona-casa-1-foto8.webp","filesize":1319512,"sizes":{"medium":{"file":"Barcelona-casa-1-foto8-300x200.webp","width":300,"height":200,"mime-type":"image\/webp","filesize":14544,"url":"https:\/\/evapart.org\/wp-content\/uploads\/2025\/09\/Barcelona-casa-1-foto8-300x200.webp"},"large":{"file":"Barcelona-casa-1-foto8-1024x682.webp","width":1024,"height":682,"mime-type":"image\/webp","filesize":82910,"url":"https:\/\/evapart.org\/wp-content\/uploads\/2025\/09\/Barcelona-casa-1-foto8-1024x682.webp"},"thumbnail":{"file":"Barcelona-casa-1-foto8-150x150.webp","width":150,"height":150,"mime-type":"image\/webp","filesize":8350,"url":"https:\/\/evapart.org\/wp-content\/uploads\/2025\/09\/Barcelona-casa-1-foto8-150x150.webp"},"medium_large":{"file":"Barcelona-casa-1-foto8-768x512.webp","width":768,"height":512,"mime-type":"image\/webp","filesize":52864,"url":"https:\/\/evapart.org\/wp-content\/uploads\/2025\/09\/Barcelona-casa-1-foto8-768x512.webp"},"1536x1536":{"file":"Barcelona-casa-1-foto8-1536x1023.webp","width":1536,"height":1023,"mime-type":"image\/webp","filesize":145332,"url":"https:\/\/evapart.org\/wp-content\/uploads\/2025\/09\/Barcelona-casa-1-foto8-1536x1023.webp"},"trp-custom-language-flag":{"file":"Barcelona-casa-1-foto8-18x12.webp","width":18,"height":12,"mime-type":"image\/webp","filesize":3676,"url":"https:\/\/evapart.org\/wp-content\/uploads\/2025\/09\/Barcelona-casa-1-foto8-18x12.webp"},"post-thumbnail":{"file":"Barcelona-casa-1-foto8-150x100.webp","width":150,"height":100,"mime-type":"image\/webp","filesize":7158,"url":"https:\/\/evapart.org\/wp-content\/uploads\/2025\/09\/Barcelona-casa-1-foto8-150x100.webp"},"modern-property-child-slider":{"file":"Barcelona-casa-1-foto8-680x510.webp","width":680,"height":510,"mime-type":"image\/webp","filesize":47906,"url":"https:\/\/evapart.org\/wp-content\/uploads\/2025\/09\/Barcelona-casa-1-foto8-680x510.webp"},"property-thumb-image":{"file":"Barcelona-casa-1-foto8-488x326.webp","width":488,"height":326,"mime-type":"image\/webp","filesize":28124,"url":"https:\/\/evapart.org\/wp-content\/uploads\/2025\/09\/Barcelona-casa-1-foto8-488x326.webp"},"property-detail-video-image":{"file":"Barcelona-casa-1-foto8-818x417.webp","width":818,"height":417,"mime-type":"image\/webp","filesize":44352,"url":"https:\/\/evapart.org\/wp-content\/uploads\/2025\/09\/Barcelona-casa-1-foto8-818x417.webp"},"agent-image":{"file":"Barcelona-casa-1-foto8-210x210.webp","width":210,"height":210,"mime-type":"image\/webp","filesize":11844,"url":"https:\/\/evapart.org\/wp-content\/uploads\/2025\/09\/Barcelona-casa-1-foto8-210x210.webp"},"partners-logo":{"file":"Barcelona-casa-1-foto8-600x1279.webp","width":600,"height":1279,"mime-type":"image\/webp","filesize":64624,"url":"https:\/\/evapart.org\/wp-content\/uploads\/2025\/09\/Barcelona-casa-1-foto8-600x1279.webp"},"post-featured-image":{"file":"Barcelona-casa-1-foto8-1240x720.webp","width":1240,"height":720,"mime-type":"image\/webp","filesize":94428,"url":"https:\/\/evapart.org\/wp-content\/uploads\/2025\/09\/Barcelona-casa-1-foto8-1240x720.webp"}},"image_meta":{"aperture":"0","credit":"","camera":"","caption":"","created_timestamp":"0","copyright":"","focal_length":"0","iso":"0","shutter_speed":"0","title":"","orientation":"0","keywords":[]},"ID":"8265","name":"Barcelona-casa-1-foto8.webp","path":"\/srv\/www\/evapartorg\/htdocs\/wp-content\/uploads\/2025\/09\/Barcelona-casa-1-foto8.webp","url":"https:\/\/evapart.org\/wp-content\/uploads\/2025\/09\/Barcelona-casa-1-foto8-150x150.webp","full_url":"https:\/\/evapart.org\/wp-content\/uploads\/2025\/09\/Barcelona-casa-1-foto8.webp","title":"Barcelona-casa-1-foto8","caption":"","description":"","alt":"","srcset":"https:\/\/evapart.org\/wp-content\/uploads\/2025\/09\/Barcelona-casa-1-foto8-150x150.webp 150w, https:\/\/evapart.org\/wp-content\/uploads\/2025\/09\/Barcelona-casa-1-foto8-210x210.webp 210w"},{"width":150,"height":150,"file":"2025\/09\/Barcelona-casa-1-foto9.webp","filesize":1543552,"sizes":{"medium":{"file":"Barcelona-casa-1-foto9-300x200.webp","width":300,"height":200,"mime-type":"image\/webp","filesize":16950,"url":"https:\/\/evapart.org\/wp-content\/uploads\/2025\/09\/Barcelona-casa-1-foto9-300x200.webp"},"large":{"file":"Barcelona-casa-1-foto9-1024x682.webp","width":1024,"height":682,"mime-type":"image\/webp","filesize":108576,"url":"https:\/\/evapart.org\/wp-content\/uploads\/2025\/09\/Barcelona-casa-1-foto9-1024x682.webp"},"thumbnail":{"file":"Barcelona-casa-1-foto9-150x150.webp","width":150,"height":150,"mime-type":"image\/webp","filesize":8948,"url":"https:\/\/evapart.org\/wp-content\/uploads\/2025\/09\/Barcelona-casa-1-foto9-150x150.webp"},"medium_large":{"file":"Barcelona-casa-1-foto9-768x512.webp","width":768,"height":512,"mime-type":"image\/webp","filesize":68584,"url":"https:\/\/evapart.org\/wp-content\/uploads\/2025\/09\/Barcelona-casa-1-foto9-768x512.webp"},"1536x1536":{"file":"Barcelona-casa-1-foto9-1536x1023.webp","width":1536,"height":1023,"mime-type":"image\/webp","filesize":196482,"url":"https:\/\/evapart.org\/wp-content\/uploads\/2025\/09\/Barcelona-casa-1-foto9-1536x1023.webp"},"trp-custom-language-flag":{"file":"Barcelona-casa-1-foto9-18x12.webp","width":18,"height":12,"mime-type":"image\/webp","filesize":3696,"url":"https:\/\/evapart.org\/wp-content\/uploads\/2025\/09\/Barcelona-casa-1-foto9-18x12.webp"},"post-thumbnail":{"file":"Barcelona-casa-1-foto9-150x100.webp","width":150,"height":100,"mime-type":"image\/webp","filesize":7774,"url":"https:\/\/evapart.org\/wp-content\/uploads\/2025\/09\/Barcelona-casa-1-foto9-150x100.webp"},"modern-property-child-slider":{"file":"Barcelona-casa-1-foto9-680x510.webp","width":680,"height":510,"mime-type":"image\/webp","filesize":61604,"url":"https:\/\/evapart.org\/wp-content\/uploads\/2025\/09\/Barcelona-casa-1-foto9-680x510.webp"},"property-thumb-image":{"file":"Barcelona-casa-1-foto9-488x326.webp","width":488,"height":326,"mime-type":"image\/webp","filesize":34344,"url":"https:\/\/evapart.org\/wp-content\/uploads\/2025\/09\/Barcelona-casa-1-foto9-488x326.webp"},"property-detail-video-image":{"file":"Barcelona-casa-1-foto9-818x417.webp","width":818,"height":417,"mime-type":"image\/webp","filesize":57554,"url":"https:\/\/evapart.org\/wp-content\/uploads\/2025\/09\/Barcelona-casa-1-foto9-818x417.webp"},"agent-image":{"file":"Barcelona-casa-1-foto9-210x210.webp","width":210,"height":210,"mime-type":"image\/webp","filesize":13256,"url":"https:\/\/evapart.org\/wp-content\/uploads\/2025\/09\/Barcelona-casa-1-foto9-210x210.webp"},"partners-logo":{"file":"Barcelona-casa-1-foto9-600x1279.webp","width":600,"height":1279,"mime-type":"image\/webp","filesize":106710,"url":"https:\/\/evapart.org\/wp-content\/uploads\/2025\/09\/Barcelona-casa-1-foto9-600x1279.webp"},"post-featured-image":{"file":"Barcelona-casa-1-foto9-1240x720.webp","width":1240,"height":720,"mime-type":"image\/webp","filesize":124670,"url":"https:\/\/evapart.org\/wp-content\/uploads\/2025\/09\/Barcelona-casa-1-foto9-1240x720.webp"}},"image_meta":{"aperture":"0","credit":"","camera":"","caption":"","created_timestamp":"0","copyright":"","focal_length":"0","iso":"0","shutter_speed":"0","title":"","orientation":"0","keywords":[]},"ID":"8266","name":"Barcelona-casa-1-foto9.webp","path":"\/srv\/www\/evapartorg\/htdocs\/wp-content\/uploads\/2025\/09\/Barcelona-casa-1-foto9.webp","url":"https:\/\/evapart.org\/wp-content\/uploads\/2025\/09\/Barcelona-casa-1-foto9-150x150.webp","full_url":"https:\/\/evapart.org\/wp-content\/uploads\/2025\/09\/Barcelona-casa-1-foto9.webp","title":"Barcelona-casa-1-foto9","caption":"","description":"","alt":"","srcset":"https:\/\/evapart.org\/wp-content\/uploads\/2025\/09\/Barcelona-casa-1-foto9-150x150.webp 150w, https:\/\/evapart.org\/wp-content\/uploads\/2025\/09\/Barcelona-casa-1-foto9-210x210.webp 210w"},{"width":150,"height":150,"file":"2025\/09\/Barcelona-casa-1-foto10.webp","filesize":1714210,"sizes":{"medium":{"file":"Barcelona-casa-1-foto10-300x200.webp","width":300,"height":200,"mime-type":"image\/webp","filesize":16050,"url":"https:\/\/evapart.org\/wp-content\/uploads\/2025\/09\/Barcelona-casa-1-foto10-300x200.webp"},"large":{"file":"Barcelona-casa-1-foto10-1024x682.webp","width":1024,"height":682,"mime-type":"image\/webp","filesize":102374,"url":"https:\/\/evapart.org\/wp-content\/uploads\/2025\/09\/Barcelona-casa-1-foto10-1024x682.webp"},"thumbnail":{"file":"Barcelona-casa-1-foto10-150x150.webp","width":150,"height":150,"mime-type":"image\/webp","filesize":9066,"url":"https:\/\/evapart.org\/wp-content\/uploads\/2025\/09\/Barcelona-casa-1-foto10-150x150.webp"},"medium_large":{"file":"Barcelona-casa-1-foto10-768x512.webp","width":768,"height":512,"mime-type":"image\/webp","filesize":63850,"url":"https:\/\/evapart.org\/wp-content\/uploads\/2025\/09\/Barcelona-casa-1-foto10-768x512.webp"},"1536x1536":{"file":"Barcelona-casa-1-foto10-1536x1023.webp","width":1536,"height":1023,"mime-type":"image\/webp","filesize":184130,"url":"https:\/\/evapart.org\/wp-content\/uploads\/2025\/09\/Barcelona-casa-1-foto10-1536x1023.webp"},"trp-custom-language-flag":{"file":"Barcelona-casa-1-foto10-18x12.webp","width":18,"height":12,"mime-type":"image\/webp","filesize":3692,"url":"https:\/\/evapart.org\/wp-content\/uploads\/2025\/09\/Barcelona-casa-1-foto10-18x12.webp"},"post-thumbnail":{"file":"Barcelona-casa-1-foto10-150x100.webp","width":150,"height":100,"mime-type":"image\/webp","filesize":7590,"url":"https:\/\/evapart.org\/wp-content\/uploads\/2025\/09\/Barcelona-casa-1-foto10-150x100.webp"},"modern-property-child-slider":{"file":"Barcelona-casa-1-foto10-680x510.webp","width":680,"height":510,"mime-type":"image\/webp","filesize":57940,"url":"https:\/\/evapart.org\/wp-content\/uploads\/2025\/09\/Barcelona-casa-1-foto10-680x510.webp"},"property-thumb-image":{"file":"Barcelona-casa-1-foto10-488x326.webp","width":488,"height":326,"mime-type":"image\/webp","filesize":32404,"url":"https:\/\/evapart.org\/wp-content\/uploads\/2025\/09\/Barcelona-casa-1-foto10-488x326.webp"},"property-detail-video-image":{"file":"Barcelona-casa-1-foto10-818x417.webp","width":818,"height":417,"mime-type":"image\/webp","filesize":51510,"url":"https:\/\/evapart.org\/wp-content\/uploads\/2025\/09\/Barcelona-casa-1-foto10-818x417.webp"},"agent-image":{"file":"Barcelona-casa-1-foto10-210x210.webp","width":210,"height":210,"mime-type":"image\/webp","filesize":13274,"url":"https:\/\/evapart.org\/wp-content\/uploads\/2025\/09\/Barcelona-casa-1-foto10-210x210.webp"},"partners-logo":{"file":"Barcelona-casa-1-foto10-600x1279.webp","width":600,"height":1279,"mime-type":"image\/webp","filesize":116594,"url":"https:\/\/evapart.org\/wp-content\/uploads\/2025\/09\/Barcelona-casa-1-foto10-600x1279.webp"},"post-featured-image":{"file":"Barcelona-casa-1-foto10-1240x720.webp","width":1240,"height":720,"mime-type":"image\/webp","filesize":116750,"url":"https:\/\/evapart.org\/wp-content\/uploads\/2025\/09\/Barcelona-casa-1-foto10-1240x720.webp"}},"image_meta":{"aperture":"0","credit":"","camera":"","caption":"","created_timestamp":"0","copyright":"","focal_length":"0","iso":"0","shutter_speed":"0","title":"","orientation":"0","keywords":[]},"ID":"8267","name":"Barcelona-casa-1-foto10.webp","path":"\/srv\/www\/evapartorg\/htdocs\/wp-content\/uploads\/2025\/09\/Barcelona-casa-1-foto10.webp","url":"https:\/\/evapart.org\/wp-content\/uploads\/2025\/09\/Barcelona-casa-1-foto10-150x150.webp","full_url":"https:\/\/evapart.org\/wp-content\/uploads\/2025\/09\/Barcelona-casa-1-foto10.webp","title":"Barcelona-casa-1-foto10","caption":"","description":"","alt":"","srcset":"https:\/\/evapart.org\/wp-content\/uploads\/2025\/09\/Barcelona-casa-1-foto10-150x150.webp 150w, https:\/\/evapart.org\/wp-content\/uploads\/2025\/09\/Barcelona-casa-1-foto10-210x210.webp 210w"},{"width":150,"height":150,"file":"2025\/09\/Barcelona-casa-1-foto11.webp","filesize":1287444,"sizes":{"medium":{"file":"Barcelona-casa-1-foto11-300x200.webp","width":300,"height":200,"mime-type":"image\/webp","filesize":15306,"url":"https:\/\/evapart.org\/wp-content\/uploads\/2025\/09\/Barcelona-casa-1-foto11-300x200.webp"},"large":{"file":"Barcelona-casa-1-foto11-1024x682.webp","width":1024,"height":682,"mime-type":"image\/webp","filesize":92932,"url":"https:\/\/evapart.org\/wp-content\/uploads\/2025\/09\/Barcelona-casa-1-foto11-1024x682.webp"},"thumbnail":{"file":"Barcelona-casa-1-foto11-150x150.webp","width":150,"height":150,"mime-type":"image\/webp","filesize":9394,"url":"https:\/\/evapart.org\/wp-content\/uploads\/2025\/09\/Barcelona-casa-1-foto11-150x150.webp"},"medium_large":{"file":"Barcelona-casa-1-foto11-768x512.webp","width":768,"height":512,"mime-type":"image\/webp","filesize":58998,"url":"https:\/\/evapart.org\/wp-content\/uploads\/2025\/09\/Barcelona-casa-1-foto11-768x512.webp"},"1536x1536":{"file":"Barcelona-casa-1-foto11-1536x1023.webp","width":1536,"height":1023,"mime-type":"image\/webp","filesize":159756,"url":"https:\/\/evapart.org\/wp-content\/uploads\/2025\/09\/Barcelona-casa-1-foto11-1536x1023.webp"},"trp-custom-language-flag":{"file":"Barcelona-casa-1-foto11-18x12.webp","width":18,"height":12,"mime-type":"image\/webp","filesize":3660,"url":"https:\/\/evapart.org\/wp-content\/uploads\/2025\/09\/Barcelona-casa-1-foto11-18x12.webp"},"post-thumbnail":{"file":"Barcelona-casa-1-foto11-150x100.webp","width":150,"height":100,"mime-type":"image\/webp","filesize":7250,"url":"https:\/\/evapart.org\/wp-content\/uploads\/2025\/09\/Barcelona-casa-1-foto11-150x100.webp"},"modern-property-child-slider":{"file":"Barcelona-casa-1-foto11-680x510.webp","width":680,"height":510,"mime-type":"image\/webp","filesize":56936,"url":"https:\/\/evapart.org\/wp-content\/uploads\/2025\/09\/Barcelona-casa-1-foto11-680x510.webp"},"property-thumb-image":{"file":"Barcelona-casa-1-foto11-488x326.webp","width":488,"height":326,"mime-type":"image\/webp","filesize":30584,"url":"https:\/\/evapart.org\/wp-content\/uploads\/2025\/09\/Barcelona-casa-1-foto11-488x326.webp"},"property-detail-video-image":{"file":"Barcelona-casa-1-foto11-818x417.webp","width":818,"height":417,"mime-type":"image\/webp","filesize":49546,"url":"https:\/\/evapart.org\/wp-content\/uploads\/2025\/09\/Barcelona-casa-1-foto11-818x417.webp"},"agent-image":{"file":"Barcelona-casa-1-foto11-210x210.webp","width":210,"height":210,"mime-type":"image\/webp","filesize":13790,"url":"https:\/\/evapart.org\/wp-content\/uploads\/2025\/09\/Barcelona-casa-1-foto11-210x210.webp"},"partners-logo":{"file":"Barcelona-casa-1-foto11-600x1279.webp","width":600,"height":1279,"mime-type":"image\/webp","filesize":106646,"url":"https:\/\/evapart.org\/wp-content\/uploads\/2025\/09\/Barcelona-casa-1-foto11-600x1279.webp"},"post-featured-image":{"file":"Barcelona-casa-1-foto11-1240x720.webp","width":1240,"height":720,"mime-type":"image\/webp","filesize":104884,"url":"https:\/\/evapart.org\/wp-content\/uploads\/2025\/09\/Barcelona-casa-1-foto11-1240x720.webp"}},"image_meta":{"aperture":"0","credit":"","camera":"","caption":"","created_timestamp":"0","copyright":"","focal_length":"0","iso":"0","shutter_speed":"0","title":"","orientation":"0","keywords":[]},"ID":"8268","name":"Barcelona-casa-1-foto11.webp","path":"\/srv\/www\/evapartorg\/htdocs\/wp-content\/uploads\/2025\/09\/Barcelona-casa-1-foto11.webp","url":"https:\/\/evapart.org\/wp-content\/uploads\/2025\/09\/Barcelona-casa-1-foto11-150x150.webp","full_url":"https:\/\/evapart.org\/wp-content\/uploads\/2025\/09\/Barcelona-casa-1-foto11.webp","title":"Barcelona-casa-1-foto11","caption":"","description":"","alt":"","srcset":"https:\/\/evapart.org\/wp-content\/uploads\/2025\/09\/Barcelona-casa-1-foto11-150x150.webp 150w, https:\/\/evapart.org\/wp-content\/uploads\/2025\/09\/Barcelona-casa-1-foto11-210x210.webp 210w"},{"width":150,"height":150,"file":"2025\/09\/Barcelona-casa-1-foto12.webp","filesize":1274882,"sizes":{"medium":{"file":"Barcelona-casa-1-foto12-300x200.webp","width":300,"height":200,"mime-type":"image\/webp","filesize":14602,"url":"https:\/\/evapart.org\/wp-content\/uploads\/2025\/09\/Barcelona-casa-1-foto12-300x200.webp"},"large":{"file":"Barcelona-casa-1-foto12-1024x682.webp","width":1024,"height":682,"mime-type":"image\/webp","filesize":91930,"url":"https:\/\/evapart.org\/wp-content\/uploads\/2025\/09\/Barcelona-casa-1-foto12-1024x682.webp"},"thumbnail":{"file":"Barcelona-casa-1-foto12-150x150.webp","width":150,"height":150,"mime-type":"image\/webp","filesize":8636,"url":"https:\/\/evapart.org\/wp-content\/uploads\/2025\/09\/Barcelona-casa-1-foto12-150x150.webp"},"medium_large":{"file":"Barcelona-casa-1-foto12-768x512.webp","width":768,"height":512,"mime-type":"image\/webp","filesize":57292,"url":"https:\/\/evapart.org\/wp-content\/uploads\/2025\/09\/Barcelona-casa-1-foto12-768x512.webp"},"1536x1536":{"file":"Barcelona-casa-1-foto12-1536x1023.webp","width":1536,"height":1023,"mime-type":"image\/webp","filesize":163200,"url":"https:\/\/evapart.org\/wp-content\/uploads\/2025\/09\/Barcelona-casa-1-foto12-1536x1023.webp"},"trp-custom-language-flag":{"file":"Barcelona-casa-1-foto12-18x12.webp","width":18,"height":12,"mime-type":"image\/webp","filesize":3668,"url":"https:\/\/evapart.org\/wp-content\/uploads\/2025\/09\/Barcelona-casa-1-foto12-18x12.webp"},"post-thumbnail":{"file":"Barcelona-casa-1-foto12-150x100.webp","width":150,"height":100,"mime-type":"image\/webp","filesize":7100,"url":"https:\/\/evapart.org\/wp-content\/uploads\/2025\/09\/Barcelona-casa-1-foto12-150x100.webp"},"modern-property-child-slider":{"file":"Barcelona-casa-1-foto12-680x510.webp","width":680,"height":510,"mime-type":"image\/webp","filesize":53672,"url":"https:\/\/evapart.org\/wp-content\/uploads\/2025\/09\/Barcelona-casa-1-foto12-680x510.webp"},"property-thumb-image":{"file":"Barcelona-casa-1-foto12-488x326.webp","width":488,"height":326,"mime-type":"image\/webp","filesize":29114,"url":"https:\/\/evapart.org\/wp-content\/uploads\/2025\/09\/Barcelona-casa-1-foto12-488x326.webp"},"property-detail-video-image":{"file":"Barcelona-casa-1-foto12-818x417.webp","width":818,"height":417,"mime-type":"image\/webp","filesize":51472,"url":"https:\/\/evapart.org\/wp-content\/uploads\/2025\/09\/Barcelona-casa-1-foto12-818x417.webp"},"agent-image":{"file":"Barcelona-casa-1-foto12-210x210.webp","width":210,"height":210,"mime-type":"image\/webp","filesize":12440,"url":"https:\/\/evapart.org\/wp-content\/uploads\/2025\/09\/Barcelona-casa-1-foto12-210x210.webp"},"partners-logo":{"file":"Barcelona-casa-1-foto12-600x1279.webp","width":600,"height":1279,"mime-type":"image\/webp","filesize":87170,"url":"https:\/\/evapart.org\/wp-content\/uploads\/2025\/09\/Barcelona-casa-1-foto12-600x1279.webp"},"post-featured-image":{"file":"Barcelona-casa-1-foto12-1240x720.webp","width":1240,"height":720,"mime-type":"image\/webp","filesize":106676,"url":"https:\/\/evapart.org\/wp-content\/uploads\/2025\/09\/Barcelona-casa-1-foto12-1240x720.webp"}},"image_meta":{"aperture":"0","credit":"","camera":"","caption":"","created_timestamp":"0","copyright":"","focal_length":"0","iso":"0","shutter_speed":"0","title":"","orientation":"0","keywords":[]},"ID":"8269","name":"Barcelona-casa-1-foto12.webp","path":"\/srv\/www\/evapartorg\/htdocs\/wp-content\/uploads\/2025\/09\/Barcelona-casa-1-foto12.webp","url":"https:\/\/evapart.org\/wp-content\/uploads\/2025\/09\/Barcelona-casa-1-foto12-150x150.webp","full_url":"https:\/\/evapart.org\/wp-content\/uploads\/2025\/09\/Barcelona-casa-1-foto12.webp","title":"Barcelona-casa-1-foto12","caption":"","description":"","alt":"","srcset":"https:\/\/evapart.org\/wp-content\/uploads\/2025\/09\/Barcelona-casa-1-foto12-150x150.webp 150w, https:\/\/evapart.org\/wp-content\/uploads\/2025\/09\/Barcelona-casa-1-foto12-210x210.webp 210w"},{"width":150,"height":150,"file":"2025\/09\/Barcelona-casa-1-foto13.webp","filesize":801068,"sizes":{"medium":{"file":"Barcelona-casa-1-foto13-300x200.webp","width":300,"height":200,"mime-type":"image\/webp","filesize":11198,"url":"https:\/\/evapart.org\/wp-content\/uploads\/2025\/09\/Barcelona-casa-1-foto13-300x200.webp"},"large":{"file":"Barcelona-casa-1-foto13-1024x682.webp","width":1024,"height":682,"mime-type":"image\/webp","filesize":54928,"url":"https:\/\/evapart.org\/wp-content\/uploads\/2025\/09\/Barcelona-casa-1-foto13-1024x682.webp"},"thumbnail":{"file":"Barcelona-casa-1-foto13-150x150.webp","width":150,"height":150,"mime-type":"image\/webp","filesize":7398,"url":"https:\/\/evapart.org\/wp-content\/uploads\/2025\/09\/Barcelona-casa-1-foto13-150x150.webp"},"medium_large":{"file":"Barcelona-casa-1-foto13-768x512.webp","width":768,"height":512,"mime-type":"image\/webp","filesize":35728,"url":"https:\/\/evapart.org\/wp-content\/uploads\/2025\/09\/Barcelona-casa-1-foto13-768x512.webp"},"1536x1536":{"file":"Barcelona-casa-1-foto13-1536x1023.webp","width":1536,"height":1023,"mime-type":"image\/webp","filesize":96218,"url":"https:\/\/evapart.org\/wp-content\/uploads\/2025\/09\/Barcelona-casa-1-foto13-1536x1023.webp"},"trp-custom-language-flag":{"file":"Barcelona-casa-1-foto13-18x12.webp","width":18,"height":12,"mime-type":"image\/webp","filesize":3656,"url":"https:\/\/evapart.org\/wp-content\/uploads\/2025\/09\/Barcelona-casa-1-foto13-18x12.webp"},"post-thumbnail":{"file":"Barcelona-casa-1-foto13-150x100.webp","width":150,"height":100,"mime-type":"image\/webp","filesize":6276,"url":"https:\/\/evapart.org\/wp-content\/uploads\/2025\/09\/Barcelona-casa-1-foto13-150x100.webp"},"modern-property-child-slider":{"file":"Barcelona-casa-1-foto13-680x510.webp","width":680,"height":510,"mime-type":"image\/webp","filesize":35196,"url":"https:\/\/evapart.org\/wp-content\/uploads\/2025\/09\/Barcelona-casa-1-foto13-680x510.webp"},"property-thumb-image":{"file":"Barcelona-casa-1-foto13-488x326.webp","width":488,"height":326,"mime-type":"image\/webp","filesize":19694,"url":"https:\/\/evapart.org\/wp-content\/uploads\/2025\/09\/Barcelona-casa-1-foto13-488x326.webp"},"property-detail-video-image":{"file":"Barcelona-casa-1-foto13-818x417.webp","width":818,"height":417,"mime-type":"image\/webp","filesize":30684,"url":"https:\/\/evapart.org\/wp-content\/uploads\/2025\/09\/Barcelona-casa-1-foto13-818x417.webp"},"agent-image":{"file":"Barcelona-casa-1-foto13-210x210.webp","width":210,"height":210,"mime-type":"image\/webp","filesize":9520,"url":"https:\/\/evapart.org\/wp-content\/uploads\/2025\/09\/Barcelona-casa-1-foto13-210x210.webp"},"partners-logo":{"file":"Barcelona-casa-1-foto13-600x1279.webp","width":600,"height":1279,"mime-type":"image\/webp","filesize":41978,"url":"https:\/\/evapart.org\/wp-content\/uploads\/2025\/09\/Barcelona-casa-1-foto13-600x1279.webp"},"post-featured-image":{"file":"Barcelona-casa-1-foto13-1240x720.webp","width":1240,"height":720,"mime-type":"image\/webp","filesize":61944,"url":"https:\/\/evapart.org\/wp-content\/uploads\/2025\/09\/Barcelona-casa-1-foto13-1240x720.webp"}},"image_meta":{"aperture":"0","credit":"","camera":"","caption":"","created_timestamp":"0","copyright":"","focal_length":"0","iso":"0","shutter_speed":"0","title":"","orientation":"0","keywords":[]},"ID":"8270","name":"Barcelona-casa-1-foto13.webp","path":"\/srv\/www\/evapartorg\/htdocs\/wp-content\/uploads\/2025\/09\/Barcelona-casa-1-foto13.webp","url":"https:\/\/evapart.org\/wp-content\/uploads\/2025\/09\/Barcelona-casa-1-foto13-150x150.webp","full_url":"https:\/\/evapart.org\/wp-content\/uploads\/2025\/09\/Barcelona-casa-1-foto13.webp","title":"Barcelona-casa-1-foto13","caption":"","description":"","alt":"","srcset":"https:\/\/evapart.org\/wp-content\/uploads\/2025\/09\/Barcelona-casa-1-foto13-150x150.webp 150w, https:\/\/evapart.org\/wp-content\/uploads\/2025\/09\/Barcelona-casa-1-foto13-210x210.webp 210w"},{"width":150,"height":150,"file":"2025\/09\/Barcelona-casa-1-foto14.webp","filesize":892570,"sizes":{"medium":{"file":"Barcelona-casa-1-foto14-300x200.webp","width":300,"height":200,"mime-type":"image\/webp","filesize":11026,"url":"https:\/\/evapart.org\/wp-content\/uploads\/2025\/09\/Barcelona-casa-1-foto14-300x200.webp"},"large":{"file":"Barcelona-casa-1-foto14-1024x682.webp","width":1024,"height":682,"mime-type":"image\/webp","filesize":50980,"url":"https:\/\/evapart.org\/wp-content\/uploads\/2025\/09\/Barcelona-casa-1-foto14-1024x682.webp"},"thumbnail":{"file":"Barcelona-casa-1-foto14-150x150.webp","width":150,"height":150,"mime-type":"image\/webp","filesize":8118,"url":"https:\/\/evapart.org\/wp-content\/uploads\/2025\/09\/Barcelona-casa-1-foto14-150x150.webp"},"medium_large":{"file":"Barcelona-casa-1-foto14-768x512.webp","width":768,"height":512,"mime-type":"image\/webp","filesize":33630,"url":"https:\/\/evapart.org\/wp-content\/uploads\/2025\/09\/Barcelona-casa-1-foto14-768x512.webp"},"1536x1536":{"file":"Barcelona-casa-1-foto14-1536x1023.webp","width":1536,"height":1023,"mime-type":"image\/webp","filesize":87526,"url":"https:\/\/evapart.org\/wp-content\/uploads\/2025\/09\/Barcelona-casa-1-foto14-1536x1023.webp"},"trp-custom-language-flag":{"file":"Barcelona-casa-1-foto14-18x12.webp","width":18,"height":12,"mime-type":"image\/webp","filesize":3662,"url":"https:\/\/evapart.org\/wp-content\/uploads\/2025\/09\/Barcelona-casa-1-foto14-18x12.webp"},"post-thumbnail":{"file":"Barcelona-casa-1-foto14-150x100.webp","width":150,"height":100,"mime-type":"image\/webp","filesize":6198,"url":"https:\/\/evapart.org\/wp-content\/uploads\/2025\/09\/Barcelona-casa-1-foto14-150x100.webp"},"modern-property-child-slider":{"file":"Barcelona-casa-1-foto14-680x510.webp","width":680,"height":510,"mime-type":"image\/webp","filesize":33030,"url":"https:\/\/evapart.org\/wp-content\/uploads\/2025\/09\/Barcelona-casa-1-foto14-680x510.webp"},"property-thumb-image":{"file":"Barcelona-casa-1-foto14-488x326.webp","width":488,"height":326,"mime-type":"image\/webp","filesize":19060,"url":"https:\/\/evapart.org\/wp-content\/uploads\/2025\/09\/Barcelona-casa-1-foto14-488x326.webp"},"property-detail-video-image":{"file":"Barcelona-casa-1-foto14-818x417.webp","width":818,"height":417,"mime-type":"image\/webp","filesize":24860,"url":"https:\/\/evapart.org\/wp-content\/uploads\/2025\/09\/Barcelona-casa-1-foto14-818x417.webp"},"agent-image":{"file":"Barcelona-casa-1-foto14-210x210.webp","width":210,"height":210,"mime-type":"image\/webp","filesize":11248,"url":"https:\/\/evapart.org\/wp-content\/uploads\/2025\/09\/Barcelona-casa-1-foto14-210x210.webp"},"partners-logo":{"file":"Barcelona-casa-1-foto14-600x1279.webp","width":600,"height":1279,"mime-type":"image\/webp","filesize":52582,"url":"https:\/\/evapart.org\/wp-content\/uploads\/2025\/09\/Barcelona-casa-1-foto14-600x1279.webp"},"post-featured-image":{"file":"Barcelona-casa-1-foto14-1240x720.webp","width":1240,"height":720,"mime-type":"image\/webp","filesize":52932,"url":"https:\/\/evapart.org\/wp-content\/uploads\/2025\/09\/Barcelona-casa-1-foto14-1240x720.webp"}},"image_meta":{"aperture":"0","credit":"","camera":"","caption":"","created_timestamp":"0","copyright":"","focal_length":"0","iso":"0","shutter_speed":"0","title":"","orientation":"0","keywords":[]},"ID":"8271","name":"Barcelona-casa-1-foto14.webp","path":"\/srv\/www\/evapartorg\/htdocs\/wp-content\/uploads\/2025\/09\/Barcelona-casa-1-foto14.webp","url":"https:\/\/evapart.org\/wp-content\/uploads\/2025\/09\/Barcelona-casa-1-foto14-150x150.webp","full_url":"https:\/\/evapart.org\/wp-content\/uploads\/2025\/09\/Barcelona-casa-1-foto14.webp","title":"Barcelona-casa-1-foto14","caption":"","description":"","alt":"","srcset":"https:\/\/evapart.org\/wp-content\/uploads\/2025\/09\/Barcelona-casa-1-foto14-150x150.webp 150w, https:\/\/evapart.org\/wp-content\/uploads\/2025\/09\/Barcelona-casa-1-foto14-210x210.webp 210w"},{"width":150,"height":150,"file":"2025\/09\/Barcelona-casa-1-foto15.webp","filesize":854138,"sizes":{"medium":{"file":"Barcelona-casa-1-foto15-300x200.webp","width":300,"height":200,"mime-type":"image\/webp","filesize":9882,"url":"https:\/\/evapart.org\/wp-content\/uploads\/2025\/09\/Barcelona-casa-1-foto15-300x200.webp"},"large":{"file":"Barcelona-casa-1-foto15-1024x682.webp","width":1024,"height":682,"mime-type":"image\/webp","filesize":41666,"url":"https:\/\/evapart.org\/wp-content\/uploads\/2025\/09\/Barcelona-casa-1-foto15-1024x682.webp"},"thumbnail":{"file":"Barcelona-casa-1-foto15-150x150.webp","width":150,"height":150,"mime-type":"image\/webp","filesize":6634,"url":"https:\/\/evapart.org\/wp-content\/uploads\/2025\/09\/Barcelona-casa-1-foto15-150x150.webp"},"medium_large":{"file":"Barcelona-casa-1-foto15-768x512.webp","width":768,"height":512,"mime-type":"image\/webp","filesize":27532,"url":"https:\/\/evapart.org\/wp-content\/uploads\/2025\/09\/Barcelona-casa-1-foto15-768x512.webp"},"1536x1536":{"file":"Barcelona-casa-1-foto15-1536x1023.webp","width":1536,"height":1023,"mime-type":"image\/webp","filesize":71548,"url":"https:\/\/evapart.org\/wp-content\/uploads\/2025\/09\/Barcelona-casa-1-foto15-1536x1023.webp"},"trp-custom-language-flag":{"file":"Barcelona-casa-1-foto15-18x12.webp","width":18,"height":12,"mime-type":"image\/webp","filesize":3672,"url":"https:\/\/evapart.org\/wp-content\/uploads\/2025\/09\/Barcelona-casa-1-foto15-18x12.webp"},"post-thumbnail":{"file":"Barcelona-casa-1-foto15-150x100.webp","width":150,"height":100,"mime-type":"image\/webp","filesize":5982,"url":"https:\/\/evapart.org\/wp-content\/uploads\/2025\/09\/Barcelona-casa-1-foto15-150x100.webp"},"modern-property-child-slider":{"file":"Barcelona-casa-1-foto15-680x510.webp","width":680,"height":510,"mime-type":"image\/webp","filesize":25214,"url":"https:\/\/evapart.org\/wp-content\/uploads\/2025\/09\/Barcelona-casa-1-foto15-680x510.webp"},"property-thumb-image":{"file":"Barcelona-casa-1-foto15-488x326.webp","width":488,"height":326,"mime-type":"image\/webp","filesize":16234,"url":"https:\/\/evapart.org\/wp-content\/uploads\/2025\/09\/Barcelona-casa-1-foto15-488x326.webp"},"property-detail-video-image":{"file":"Barcelona-casa-1-foto15-818x417.webp","width":818,"height":417,"mime-type":"image\/webp","filesize":24384,"url":"https:\/\/evapart.org\/wp-content\/uploads\/2025\/09\/Barcelona-casa-1-foto15-818x417.webp"},"agent-image":{"file":"Barcelona-casa-1-foto15-210x210.webp","width":210,"height":210,"mime-type":"image\/webp","filesize":8530,"url":"https:\/\/evapart.org\/wp-content\/uploads\/2025\/09\/Barcelona-casa-1-foto15-210x210.webp"},"partners-logo":{"file":"Barcelona-casa-1-foto15-600x1279.webp","width":600,"height":1279,"mime-type":"image\/webp","filesize":42260,"url":"https:\/\/evapart.org\/wp-content\/uploads\/2025\/09\/Barcelona-casa-1-foto15-600x1279.webp"},"post-featured-image":{"file":"Barcelona-casa-1-foto15-1240x720.webp","width":1240,"height":720,"mime-type":"image\/webp","filesize":47576,"url":"https:\/\/evapart.org\/wp-content\/uploads\/2025\/09\/Barcelona-casa-1-foto15-1240x720.webp"}},"image_meta":{"aperture":"0","credit":"","camera":"","caption":"","created_timestamp":"0","copyright":"","focal_length":"0","iso":"0","shutter_speed":"0","title":"","orientation":"0","keywords":[]},"ID":"8272","name":"Barcelona-casa-1-foto15.webp","path":"\/srv\/www\/evapartorg\/htdocs\/wp-content\/uploads\/2025\/09\/Barcelona-casa-1-foto15.webp","url":"https:\/\/evapart.org\/wp-content\/uploads\/2025\/09\/Barcelona-casa-1-foto15-150x150.webp","full_url":"https:\/\/evapart.org\/wp-content\/uploads\/2025\/09\/Barcelona-casa-1-foto15.webp","title":"Barcelona-casa-1-foto15","caption":"","description":"","alt":"","srcset":"https:\/\/evapart.org\/wp-content\/uploads\/2025\/09\/Barcelona-casa-1-foto15-150x150.webp 150w, https:\/\/evapart.org\/wp-content\/uploads\/2025\/09\/Barcelona-casa-1-foto15-210x210.webp 210w"},{"width":150,"height":150,"file":"2025\/09\/Barcelona-casa-1-foto16.webp","filesize":1257588,"sizes":{"medium":{"file":"Barcelona-casa-1-foto16-300x200.webp","width":300,"height":200,"mime-type":"image\/webp","filesize":12830,"url":"https:\/\/evapart.org\/wp-content\/uploads\/2025\/09\/Barcelona-casa-1-foto16-300x200.webp"},"large":{"file":"Barcelona-casa-1-foto16-1024x682.webp","width":1024,"height":682,"mime-type":"image\/webp","filesize":71518,"url":"https:\/\/evapart.org\/wp-content\/uploads\/2025\/09\/Barcelona-casa-1-foto16-1024x682.webp"},"thumbnail":{"file":"Barcelona-casa-1-foto16-150x150.webp","width":150,"height":150,"mime-type":"image\/webp","filesize":8144,"url":"https:\/\/evapart.org\/wp-content\/uploads\/2025\/09\/Barcelona-casa-1-foto16-150x150.webp"},"medium_large":{"file":"Barcelona-casa-1-foto16-768x512.webp","width":768,"height":512,"mime-type":"image\/webp","filesize":45240,"url":"https:\/\/evapart.org\/wp-content\/uploads\/2025\/09\/Barcelona-casa-1-foto16-768x512.webp"},"1536x1536":{"file":"Barcelona-casa-1-foto16-1536x1023.webp","width":1536,"height":1023,"mime-type":"image\/webp","filesize":133404,"url":"https:\/\/evapart.org\/wp-content\/uploads\/2025\/09\/Barcelona-casa-1-foto16-1536x1023.webp"},"trp-custom-language-flag":{"file":"Barcelona-casa-1-foto16-18x12.webp","width":18,"height":12,"mime-type":"image\/webp","filesize":3664,"url":"https:\/\/evapart.org\/wp-content\/uploads\/2025\/09\/Barcelona-casa-1-foto16-18x12.webp"},"post-thumbnail":{"file":"Barcelona-casa-1-foto16-150x100.webp","width":150,"height":100,"mime-type":"image\/webp","filesize":6690,"url":"https:\/\/evapart.org\/wp-content\/uploads\/2025\/09\/Barcelona-casa-1-foto16-150x100.webp"},"modern-property-child-slider":{"file":"Barcelona-casa-1-foto16-680x510.webp","width":680,"height":510,"mime-type":"image\/webp","filesize":42704,"url":"https:\/\/evapart.org\/wp-content\/uploads\/2025\/09\/Barcelona-casa-1-foto16-680x510.webp"},"property-thumb-image":{"file":"Barcelona-casa-1-foto16-488x326.webp","width":488,"height":326,"mime-type":"image\/webp","filesize":24242,"url":"https:\/\/evapart.org\/wp-content\/uploads\/2025\/09\/Barcelona-casa-1-foto16-488x326.webp"},"property-detail-video-image":{"file":"Barcelona-casa-1-foto16-818x417.webp","width":818,"height":417,"mime-type":"image\/webp","filesize":38390,"url":"https:\/\/evapart.org\/wp-content\/uploads\/2025\/09\/Barcelona-casa-1-foto16-818x417.webp"},"agent-image":{"file":"Barcelona-casa-1-foto16-210x210.webp","width":210,"height":210,"mime-type":"image\/webp","filesize":11160,"url":"https:\/\/evapart.org\/wp-content\/uploads\/2025\/09\/Barcelona-casa-1-foto16-210x210.webp"},"partners-logo":{"file":"Barcelona-casa-1-foto16-600x1279.webp","width":600,"height":1279,"mime-type":"image\/webp","filesize":82480,"url":"https:\/\/evapart.org\/wp-content\/uploads\/2025\/09\/Barcelona-casa-1-foto16-600x1279.webp"},"post-featured-image":{"file":"Barcelona-casa-1-foto16-1240x720.webp","width":1240,"height":720,"mime-type":"image\/webp","filesize":84348,"url":"https:\/\/evapart.org\/wp-content\/uploads\/2025\/09\/Barcelona-casa-1-foto16-1240x720.webp"}},"image_meta":{"aperture":"0","credit":"","camera":"","caption":"","created_timestamp":"0","copyright":"","focal_length":"0","iso":"0","shutter_speed":"0","title":"","orientation":"0","keywords":[]},"ID":"8273","name":"Barcelona-casa-1-foto16.webp","path":"\/srv\/www\/evapartorg\/htdocs\/wp-content\/uploads\/2025\/09\/Barcelona-casa-1-foto16.webp","url":"https:\/\/evapart.org\/wp-content\/uploads\/2025\/09\/Barcelona-casa-1-foto16-150x150.webp","full_url":"https:\/\/evapart.org\/wp-content\/uploads\/2025\/09\/Barcelona-casa-1-foto16.webp","title":"Barcelona-casa-1-foto16","caption":"","description":"","alt":"","srcset":"https:\/\/evapart.org\/wp-content\/uploads\/2025\/09\/Barcelona-casa-1-foto16-150x150.webp 150w, https:\/\/evapart.org\/wp-content\/uploads\/2025\/09\/Barcelona-casa-1-foto16-210x210.webp 210w"},{"width":150,"height":150,"file":"2025\/09\/Barcelona-casa-1-foto17.webp","filesize":1429446,"sizes":{"medium":{"file":"Barcelona-casa-1-foto17-300x200.webp","width":300,"height":200,"mime-type":"image\/webp","filesize":14658,"url":"https:\/\/evapart.org\/wp-content\/uploads\/2025\/09\/Barcelona-casa-1-foto17-300x200.webp"},"large":{"file":"Barcelona-casa-1-foto17-1024x682.webp","width":1024,"height":682,"mime-type":"image\/webp","filesize":86142,"url":"https:\/\/evapart.org\/wp-content\/uploads\/2025\/09\/Barcelona-casa-1-foto17-1024x682.webp"},"thumbnail":{"file":"Barcelona-casa-1-foto17-150x150.webp","width":150,"height":150,"mime-type":"image\/webp","filesize":8304,"url":"https:\/\/evapart.org\/wp-content\/uploads\/2025\/09\/Barcelona-casa-1-foto17-150x150.webp"},"medium_large":{"file":"Barcelona-casa-1-foto17-768x512.webp","width":768,"height":512,"mime-type":"image\/webp","filesize":54292,"url":"https:\/\/evapart.org\/wp-content\/uploads\/2025\/09\/Barcelona-casa-1-foto17-768x512.webp"},"1536x1536":{"file":"Barcelona-casa-1-foto17-1536x1023.webp","width":1536,"height":1023,"mime-type":"image\/webp","filesize":158318,"url":"https:\/\/evapart.org\/wp-content\/uploads\/2025\/09\/Barcelona-casa-1-foto17-1536x1023.webp"},"trp-custom-language-flag":{"file":"Barcelona-casa-1-foto17-18x12.webp","width":18,"height":12,"mime-type":"image\/webp","filesize":3656,"url":"https:\/\/evapart.org\/wp-content\/uploads\/2025\/09\/Barcelona-casa-1-foto17-18x12.webp"},"post-thumbnail":{"file":"Barcelona-casa-1-foto17-150x100.webp","width":150,"height":100,"mime-type":"image\/webp","filesize":7092,"url":"https:\/\/evapart.org\/wp-content\/uploads\/2025\/09\/Barcelona-casa-1-foto17-150x100.webp"},"modern-property-child-slider":{"file":"Barcelona-casa-1-foto17-680x510.webp","width":680,"height":510,"mime-type":"image\/webp","filesize":48468,"url":"https:\/\/evapart.org\/wp-content\/uploads\/2025\/09\/Barcelona-casa-1-foto17-680x510.webp"},"property-thumb-image":{"file":"Barcelona-casa-1-foto17-488x326.webp","width":488,"height":326,"mime-type":"image\/webp","filesize":28274,"url":"https:\/\/evapart.org\/wp-content\/uploads\/2025\/09\/Barcelona-casa-1-foto17-488x326.webp"},"property-detail-video-image":{"file":"Barcelona-casa-1-foto17-818x417.webp","width":818,"height":417,"mime-type":"image\/webp","filesize":48172,"url":"https:\/\/evapart.org\/wp-content\/uploads\/2025\/09\/Barcelona-casa-1-foto17-818x417.webp"},"agent-image":{"file":"Barcelona-casa-1-foto17-210x210.webp","width":210,"height":210,"mime-type":"image\/webp","filesize":11822,"url":"https:\/\/evapart.org\/wp-content\/uploads\/2025\/09\/Barcelona-casa-1-foto17-210x210.webp"},"partners-logo":{"file":"Barcelona-casa-1-foto17-600x1279.webp","width":600,"height":1279,"mime-type":"image\/webp","filesize":95690,"url":"https:\/\/evapart.org\/wp-content\/uploads\/2025\/09\/Barcelona-casa-1-foto17-600x1279.webp"},"post-featured-image":{"file":"Barcelona-casa-1-foto17-1240x720.webp","width":1240,"height":720,"mime-type":"image\/webp","filesize":101890,"url":"https:\/\/evapart.org\/wp-content\/uploads\/2025\/09\/Barcelona-casa-1-foto17-1240x720.webp"}},"image_meta":{"aperture":"0","credit":"","camera":"","caption":"","created_timestamp":"0","copyright":"","focal_length":"0","iso":"0","shutter_speed":"0","title":"","orientation":"0","keywords":[]},"ID":"8274","name":"Barcelona-casa-1-foto17.webp","path":"\/srv\/www\/evapartorg\/htdocs\/wp-content\/uploads\/2025\/09\/Barcelona-casa-1-foto17.webp","url":"https:\/\/evapart.org\/wp-content\/uploads\/2025\/09\/Barcelona-casa-1-foto17-150x150.webp","full_url":"https:\/\/evapart.org\/wp-content\/uploads\/2025\/09\/Barcelona-casa-1-foto17.webp","title":"Barcelona-casa-1-foto17","caption":"","description":"","alt":"","srcset":"https:\/\/evapart.org\/wp-content\/uploads\/2025\/09\/Barcelona-casa-1-foto17-150x150.webp 150w, https:\/\/evapart.org\/wp-content\/uploads\/2025\/09\/Barcelona-casa-1-foto17-210x210.webp 210w"},{"width":150,"height":150,"file":"2025\/09\/Barcelona-casa-1-foto18.webp","filesize":1320014,"sizes":{"medium":{"file":"Barcelona-casa-1-foto18-300x200.webp","width":300,"height":200,"mime-type":"image\/webp","filesize":16290,"url":"https:\/\/evapart.org\/wp-content\/uploads\/2025\/09\/Barcelona-casa-1-foto18-300x200.webp"},"large":{"file":"Barcelona-casa-1-foto18-1024x682.webp","width":1024,"height":682,"mime-type":"image\/webp","filesize":93454,"url":"https:\/\/evapart.org\/wp-content\/uploads\/2025\/09\/Barcelona-casa-1-foto18-1024x682.webp"},"thumbnail":{"file":"Barcelona-casa-1-foto18-150x150.webp","width":150,"height":150,"mime-type":"image\/webp","filesize":8906,"url":"https:\/\/evapart.org\/wp-content\/uploads\/2025\/09\/Barcelona-casa-1-foto18-150x150.webp"},"medium_large":{"file":"Barcelona-casa-1-foto18-768x512.webp","width":768,"height":512,"mime-type":"image\/webp","filesize":60112,"url":"https:\/\/evapart.org\/wp-content\/uploads\/2025\/09\/Barcelona-casa-1-foto18-768x512.webp"},"1536x1536":{"file":"Barcelona-casa-1-foto18-1536x1023.webp","width":1536,"height":1023,"mime-type":"image\/webp","filesize":164044,"url":"https:\/\/evapart.org\/wp-content\/uploads\/2025\/09\/Barcelona-casa-1-foto18-1536x1023.webp"},"trp-custom-language-flag":{"file":"Barcelona-casa-1-foto18-18x12.webp","width":18,"height":12,"mime-type":"image\/webp","filesize":3670,"url":"https:\/\/evapart.org\/wp-content\/uploads\/2025\/09\/Barcelona-casa-1-foto18-18x12.webp"},"post-thumbnail":{"file":"Barcelona-casa-1-foto18-150x100.webp","width":150,"height":100,"mime-type":"image\/webp","filesize":7604,"url":"https:\/\/evapart.org\/wp-content\/uploads\/2025\/09\/Barcelona-casa-1-foto18-150x100.webp"},"modern-property-child-slider":{"file":"Barcelona-casa-1-foto18-680x510.webp","width":680,"height":510,"mime-type":"image\/webp","filesize":54754,"url":"https:\/\/evapart.org\/wp-content\/uploads\/2025\/09\/Barcelona-casa-1-foto18-680x510.webp"},"property-thumb-image":{"file":"Barcelona-casa-1-foto18-488x326.webp","width":488,"height":326,"mime-type":"image\/webp","filesize":31734,"url":"https:\/\/evapart.org\/wp-content\/uploads\/2025\/09\/Barcelona-casa-1-foto18-488x326.webp"},"property-detail-video-image":{"file":"Barcelona-casa-1-foto18-818x417.webp","width":818,"height":417,"mime-type":"image\/webp","filesize":48696,"url":"https:\/\/evapart.org\/wp-content\/uploads\/2025\/09\/Barcelona-casa-1-foto18-818x417.webp"},"agent-image":{"file":"Barcelona-casa-1-foto18-210x210.webp","width":210,"height":210,"mime-type":"image\/webp","filesize":13046,"url":"https:\/\/evapart.org\/wp-content\/uploads\/2025\/09\/Barcelona-casa-1-foto18-210x210.webp"},"partners-logo":{"file":"Barcelona-casa-1-foto18-600x1279.webp","width":600,"height":1279,"mime-type":"image\/webp","filesize":96176,"url":"https:\/\/evapart.org\/wp-content\/uploads\/2025\/09\/Barcelona-casa-1-foto18-600x1279.webp"},"post-featured-image":{"file":"Barcelona-casa-1-foto18-1240x720.webp","width":1240,"height":720,"mime-type":"image\/webp","filesize":100954,"url":"https:\/\/evapart.org\/wp-content\/uploads\/2025\/09\/Barcelona-casa-1-foto18-1240x720.webp"}},"image_meta":{"aperture":"0","credit":"","camera":"","caption":"","created_timestamp":"0","copyright":"","focal_length":"0","iso":"0","shutter_speed":"0","title":"","orientation":"0","keywords":[]},"ID":"8275","name":"Barcelona-casa-1-foto18.webp","path":"\/srv\/www\/evapartorg\/htdocs\/wp-content\/uploads\/2025\/09\/Barcelona-casa-1-foto18.webp","url":"https:\/\/evapart.org\/wp-content\/uploads\/2025\/09\/Barcelona-casa-1-foto18-150x150.webp","full_url":"https:\/\/evapart.org\/wp-content\/uploads\/2025\/09\/Barcelona-casa-1-foto18.webp","title":"Barcelona-casa-1-foto18","caption":"","description":"","alt":"","srcset":"https:\/\/evapart.org\/wp-content\/uploads\/2025\/09\/Barcelona-casa-1-foto18-150x150.webp 150w, https:\/\/evapart.org\/wp-content\/uploads\/2025\/09\/Barcelona-casa-1-foto18-210x210.webp 210w"}],"REAL_HOMES_change_gallery_slider_type":"0","REAL_HOMES_gallery_slider_type":"masonry-style","inspiry_floor_plans":[],"inspiry_video_group":[{"inspiry_video_group_url":"https:\/\/www.youtube.com\/watch?v=FO0no_ZfPbE"}],"REAL_HOMES_360_virtual_tour":"","REAL_HOMES_agent_display_option":"none","REAL_HOMES_energy_class":"none","REAL_HOMES_energy_performance":"","REAL_HOMES_epc_current_rating":"","REAL_HOMES_epc_potential_rating":"","ere_property_schedule_tour":"global","ere_property_schedule_time_slots":"","ere_property_schedule_description":"","REAL_HOMES_sticky":"0","inspiry_property_label":"","inspiry_property_label_color":"","inspiry_property_tax":"","inspiry_additional_fee":"","REAL_HOMES_attachments":[],"inspiry_property_owner_name":"","inspiry_property_owner_contact":"","inspiry_property_owner_address":"","REAL_HOMES_property_private_note":"","inspiry_message_to_reviewer":"","REAL_HOMES_add_in_slider":"yes","REAL_HOMES_slider_image":[{"width":150,"height":150,"file":"2020\/11\/apartment-11.jpg","filesize":201730,"sizes":{"medium":{"file":"apartment-11-300x169.jpg","width":300,"height":169,"mime-type":"image\/jpeg","filesize":14200,"url":"https:\/\/evapart.org\/wp-content\/uploads\/2020\/11\/apartment-11-300x169.jpg"},"large":{"file":"apartment-11-1024x576.jpg","width":1024,"height":576,"mime-type":"image\/jpeg","filesize":114217,"url":"https:\/\/evapart.org\/wp-content\/uploads\/2020\/11\/apartment-11-1024x576.jpg"},"thumbnail":{"file":"apartment-11-150x150.jpg","width":150,"height":150,"mime-type":"image\/jpeg","filesize":6702,"url":"https:\/\/evapart.org\/wp-content\/uploads\/2020\/11\/apartment-11-150x150.jpg"},"medium_large":{"file":"apartment-11-768x432.jpg","width":768,"height":432,"mime-type":"image\/jpeg","filesize":69307,"url":"https:\/\/evapart.org\/wp-content\/uploads\/2020\/11\/apartment-11-768x432.jpg"},"post-thumbnail":{"file":"apartment-11-150x84.jpg","width":150,"height":84,"mime-type":"image\/jpeg","filesize":4655,"url":"https:\/\/evapart.org\/wp-content\/uploads\/2020\/11\/apartment-11-150x84.jpg"},"modern-property-child-slider":{"file":"apartment-11-680x510.jpg","width":680,"height":510,"mime-type":"image\/jpeg","filesize":71372,"url":"https:\/\/evapart.org\/wp-content\/uploads\/2020\/11\/apartment-11-680x510.jpg"},"property-thumb-image":{"file":"apartment-11-488x326.jpg","width":488,"height":326,"mime-type":"image\/jpeg","filesize":36401,"url":"https:\/\/evapart.org\/wp-content\/uploads\/2020\/11\/apartment-11-488x326.jpg"},"property-detail-video-image":{"file":"apartment-11-818x417.jpg","width":818,"height":417,"mime-type":"image\/jpeg","filesize":72874,"url":"https:\/\/evapart.org\/wp-content\/uploads\/2020\/11\/apartment-11-818x417.jpg"},"agent-image":{"file":"apartment-11-210x210.jpg","width":210,"height":210,"mime-type":"image\/jpeg","filesize":11556,"url":"https:\/\/evapart.org\/wp-content\/uploads\/2020\/11\/apartment-11-210x210.jpg"},"partners-logo":{"file":"apartment-11-600x720.jpg","width":600,"height":720,"mime-type":"image\/jpeg","filesize":90332,"url":"https:\/\/evapart.org\/wp-content\/uploads\/2020\/11\/apartment-11-600x720.jpg"},"post-featured-image":{"file":"apartment-11-1240x720.jpg","width":1240,"height":720,"mime-type":"image\/jpeg","filesize":188575,"url":"https:\/\/evapart.org\/wp-content\/uploads\/2020\/11\/apartment-11-1240x720.jpg"}},"image_meta":{"aperture":"0","credit":"","camera":"","caption":"","created_timestamp":"0","copyright":"","focal_length":"0","iso":"0","shutter_speed":"0","title":"","orientation":"0","keywords":[]},"ID":"5093","name":"apartment-11.jpg","path":"\/srv\/www\/evapartorg\/htdocs\/wp-content\/uploads\/2020\/11\/apartment-11.jpg","url":"https:\/\/evapart.org\/wp-content\/uploads\/2020\/11\/apartment-11-150x150.jpg","full_url":"https:\/\/evapart.org\/wp-content\/uploads\/2020\/11\/apartment-11.jpg","title":"Apartamento","caption":"","description":"","alt":"","srcset":"https:\/\/evapart.org\/wp-content\/uploads\/2020\/11\/apartment-11-150x150.jpg 150w, https:\/\/evapart.org\/wp-content\/uploads\/2020\/11\/apartment-11-210x210.jpg 210w"}],"REAL_HOMES_page_banner_image":[],"inspiry_garden_area":"","REAL_HOMES_custom_header_display":"default","REAL_HOMES_custom_header_position":"relative","REAL_HOMES_custom_footer_display":"default","REAL_HOMES_hide_advance_search":"0","REAL_HOMES_custom_search_form":"default","REAL_HOMES_search_form_margin_top":"","REAL_HOMES_search_form_margin_bottom":"-72px"},"_links":{"self":[{"href":"https:\/\/evapart.org\/es\/wp-json\/wp\/v2\/properties\/8255","targetHints":{"allow":["GET"]}}],"collection":[{"href":"https:\/\/evapart.org\/es\/wp-json\/wp\/v2\/properties"}],"about":[{"href":"https:\/\/evapart.org\/es\/wp-json\/wp\/v2\/types\/property"}],"author":[{"embeddable":true,"href":"https:\/\/evapart.org\/es\/wp-json\/wp\/v2\/users\/1"}],"replies":[{"embeddable":true,"href":"https:\/\/evapart.org\/es\/wp-json\/wp\/v2\/comments?post=8255"}],"version-history":[{"count":34,"href":"https:\/\/evapart.org\/es\/wp-json\/wp\/v2\/properties\/8255\/revisions"}],"predecessor-version":[{"id":8480,"href":"https:\/\/evapart.org\/es\/wp-json\/wp\/v2\/properties\/8255\/revisions\/8480"}],"wp:featuredmedia":[{"embeddable":true,"href":"https:\/\/evapart.org\/es\/wp-json\/wp\/v2\/media\/8468"}],"wp:attachment":[{"href":"https:\/\/evapart.org\/es\/wp-json\/wp\/v2\/media?parent=8255"}],"wp:term":[{"taxonomy":"property-feature","embeddable":true,"href":"https:\/\/evapart.org\/es\/wp-json\/wp\/v2\/caracter\u00edsticas-propiedad?post=8255"},{"taxonomy":"property-type","embeddable":true,"href":"https:\/\/evapart.org\/es\/wp-json\/wp\/v2\/tipos-propiedad?post=8255"},{"taxonomy":"property-city","embeddable":true,"href":"https:\/\/evapart.org\/es\/wp-json\/wp\/v2\/ciudades-propiedad?post=8255"},{"taxonomy":"property-status","embeddable":true,"href":"https:\/\/evapart.org\/es\/wp-json\/wp\/v2\/estatus-propiedad?post=8255"}],"curies":[{"name":"wp","href":"https:\/\/api.w.org\/{rel}","templated":true}]}}